{"id":1521,"date":"2025-01-15T12:52:26","date_gmt":"2025-01-15T18:52:26","guid":{"rendered":"https:\/\/www.uic.mx\/formacion-integral\/?page_id=1521"},"modified":"2025-02-20T09:28:48","modified_gmt":"2025-02-20T15:28:48","slug":"difusion-cultural-gracias","status":"publish","type":"page","link":"https:\/\/www.uic.mx\/formacion-integral\/difusion-cultural-gracias\/","title":{"rendered":"Gracias"},"content":{"rendered":"\t\t<div data-elementor-type=\"wp-page\" data-elementor-id=\"1521\" class=\"elementor elementor-1521\" data-elementor-post-type=\"page\">\n\t\t\t\t<div class=\"elementor-element elementor-element-32fd0f7 e-flex e-con-boxed e-con e-parent\" data-id=\"32fd0f7\" data-element_type=\"container\" data-e-type=\"container\">\n\t\t\t\t\t<div class=\"e-con-inner\">\n\t\t<div class=\"elementor-element elementor-element-62f4af2 e-con-full e-flex e-con e-child\" data-id=\"62f4af2\" data-element_type=\"container\" data-e-type=\"container\" data-settings=\"{&quot;background_background&quot;:&quot;classic&quot;}\">\n\t\t<div class=\"elementor-element elementor-element-96dc426 e-con-full e-flex e-con e-child\" data-id=\"96dc426\" data-element_type=\"container\" data-e-type=\"container\">\n\t\t<div class=\"elementor-element elementor-element-c5fea46 e-con-full e-flex e-con e-child\" data-id=\"c5fea46\" data-element_type=\"container\" data-e-type=\"container\" data-settings=\"{&quot;background_background&quot;:&quot;gradient&quot;}\">\n\t\t\t\t<div class=\"elementor-element elementor-element-1427768 elementor-widget__width-initial elementor-widget elementor-widget-heading\" data-id=\"1427768\" data-element_type=\"widget\" data-e-type=\"widget\" data-widget_type=\"heading.default\">\n\t\t\t\t<div class=\"elementor-widget-container\">\n\t\t\t\t\t<h3 class=\"elementor-heading-title elementor-size-default\">Gracias por tu inter\u00e9s en la Actividad UIC<br>Difusi\u00f3n Cultural<br><span style=\"font-weight:500\">\n\u00a1Ya hemos recibido tu informaci\u00f3n y nos pondremos en contacto contigo.!<\/span><\/h3>\t\t\t\t<\/div>\n\t\t\t\t<\/div>\n\t\t\t\t<\/div>\n\t\t\t\t<\/div>\n\t\t<div class=\"elementor-element elementor-element-2f461ff e-flex e-con-boxed e-con e-child\" data-id=\"2f461ff\" data-element_type=\"container\" data-e-type=\"container\">\n\t\t\t\t\t<div class=\"e-con-inner\">\n\t\t<div class=\"elementor-element elementor-element-c0f6d9f e-con-full e-flex e-con e-child\" data-id=\"c0f6d9f\" data-element_type=\"container\" data-e-type=\"container\">\n\t\t\t\t<div class=\"elementor-element elementor-element-ac4c1a8 elementor-widget elementor-widget-heading\" data-id=\"ac4c1a8\" data-element_type=\"widget\" data-e-type=\"widget\" data-widget_type=\"heading.default\">\n\t\t\t\t<div class=\"elementor-widget-container\">\n\t\t\t\t\t<h2 class=\"elementor-heading-title elementor-size-default\">S\u00ed. En la UIC es posible<\/h2>\t\t\t\t<\/div>\n\t\t\t\t<\/div>\n\t\t\t\t<div class=\"elementor-element elementor-element-bd15f1a elementor-hidden-desktop elementor-hidden-tablet elementor-hidden-mobile elementor-widget elementor-widget-heading\" data-id=\"bd15f1a\" data-element_type=\"widget\" data-e-type=\"widget\" data-widget_type=\"heading.default\">\n\t\t\t\t<div class=\"elementor-widget-container\">\n\t\t\t\t\t<h2 class=\"elementor-heading-title elementor-size-default\">Te invitamos a leer el siguiente art\u00edculo:<\/h2>\t\t\t\t<\/div>\n\t\t\t\t<\/div>\n\t\t\t\t<\/div>\n\t\t<div class=\"elementor-element elementor-element-daad1b9 e-con-full elementor-hidden-tablet elementor-hidden-mobile e-flex e-con e-child\" data-id=\"daad1b9\" data-element_type=\"container\" data-e-type=\"container\">\n\t\t\t\t<div class=\"elementor-element elementor-element-b579b1a elementor-widget elementor-widget-image\" data-id=\"b579b1a\" data-element_type=\"widget\" data-e-type=\"widget\" data-widget_type=\"image.default\">\n\t\t\t\t<div class=\"elementor-widget-container\">\n\t\t\t\t\t\t\t\t\t\t\t\t\t\t\t<img decoding=\"async\" width=\"993\" height=\"12\" src=\"https:\/\/www.uic.mx\/formacion-integral\/wp-content\/uploads\/2025\/01\/borde_posible.png\" class=\"attachment-full size-full wp-image-1523\" alt=\"\" srcset=\"https:\/\/www.uic.mx\/formacion-integral\/wp-content\/uploads\/2025\/01\/borde_posible.png 993w, https:\/\/www.uic.mx\/formacion-integral\/wp-content\/uploads\/2025\/01\/borde_posible-300x4.png 300w, https:\/\/www.uic.mx\/formacion-integral\/wp-content\/uploads\/2025\/01\/borde_posible-768x9.png 768w\" sizes=\"(max-width: 993px) 100vw, 993px\" \/>\t\t\t\t\t\t\t\t\t\t\t\t\t\t\t<\/div>\n\t\t\t\t<\/div>\n\t\t\t\t<\/div>\n\t\t\t\t\t<\/div>\n\t\t\t\t<\/div>\n\t\t\t\t<div class=\"elementor-element elementor-element-cf4edd5 elementor-align-center elementor-widget elementor-widget-button\" data-id=\"cf4edd5\" data-element_type=\"widget\" data-e-type=\"widget\" data-widget_type=\"button.default\">\n\t\t\t\t<div class=\"elementor-widget-container\">\n\t\t\t\t\t\t\t\t\t<div class=\"elementor-button-wrapper\">\n\t\t\t\t\t<a class=\"elementor-button elementor-button-link elementor-size-sm\" href=\"https:\/\/www.uic.mx\/formacion-integral\/\">\n\t\t\t\t\t\t<span class=\"elementor-button-content-wrapper\">\n\t\t\t\t\t\t<span class=\"elementor-button-icon\">\n\t\t\t\t<svg aria-hidden=\"true\" class=\"e-font-icon-svg e-fas-arrow-circle-left\" viewBox=\"0 0 512 512\" xmlns=\"http:\/\/www.w3.org\/2000\/svg\"><path d=\"M256 504C119 504 8 393 8 256S119 8 256 8s248 111 248 248-111 248-248 248zm28.9-143.6L209.4 288H392c13.3 0 24-10.7 24-24v-16c0-13.3-10.7-24-24-24H209.4l75.5-72.4c9.7-9.3 9.9-24.8.4-34.3l-11-10.9c-9.4-9.4-24.6-9.4-33.9 0L107.7 239c-9.4 9.4-9.4 24.6 0 33.9l132.7 132.7c9.4 9.4 24.6 9.4 33.9 0l11-10.9c9.5-9.5 9.3-25-.4-34.3z\"><\/path><\/svg>\t\t\t<\/span>\n\t\t\t\t\t\t\t\t\t<span class=\"elementor-button-text\">Volver al inicio<\/span>\n\t\t\t\t\t<\/span>\n\t\t\t\t\t<\/a>\n\t\t\t\t<\/div>\n\t\t\t\t\t\t\t\t<\/div>\n\t\t\t\t<\/div>\n\t\t<div class=\"elementor-element elementor-element-05c3c6d e-con-full e-flex e-con e-child\" data-id=\"05c3c6d\" data-element_type=\"container\" data-e-type=\"container\">\n\t\t\t\t<div class=\"elementor-element elementor-element-5f2eafd elementor-hidden-desktop elementor-hidden-tablet elementor-hidden-mobile elementor-widget elementor-widget-heading\" data-id=\"5f2eafd\" data-element_type=\"widget\" data-e-type=\"widget\" data-widget_type=\"heading.default\">\n\t\t\t\t<div class=\"elementor-widget-container\">\n\t\t\t\t\t<h3 class=\"elementor-heading-title elementor-size-default\">Bachillerato o preparatoria: \u00bfcu\u00e1l es la diferencia?<\/h3>\t\t\t\t<\/div>\n\t\t\t\t<\/div>\n\t\t\t\t<\/div>\n\t\t\t\t<\/div>\n\t\t\t\t\t<\/div>\n\t\t\t\t<\/div>\n\t\t\t\t<\/div>\n\t\t","protected":false},"excerpt":{"rendered":"<p>Gracias por tu inter\u00e9s en la Actividad UICDifusi\u00f3n Cultural \u00a1Ya hemos recibido tu informaci\u00f3n y nos pondremos en contacto contigo.! S\u00ed. En la UIC es posible Te invitamos a leer el siguiente art\u00edculo: Volver al inicio Bachillerato o preparatoria: \u00bfcu\u00e1l es la diferencia?<\/p>\n","protected":false},"author":1,"featured_media":0,"parent":0,"menu_order":0,"comment_status":"closed","ping_status":"closed","template":"","meta":{"footnotes":""},"class_list":["post-1521","page","type-page","status-publish","hentry"],"yoast_head":"<!-- This site is optimized with the Yoast SEO plugin v27.2 - https:\/\/yoast.com\/product\/yoast-seo-wordpress\/ -->\n<title>Gracias - Formaci\u00f3n Integral<\/title>\n<meta name=\"robots\" content=\"index, follow, max-snippet:-1, max-image-preview:large, max-video-preview:-1\" \/>\n<link rel=\"canonical\" href=\"https:\/\/www.uic.mx\/formacion-integral\/difusion-cultural-gracias\/\" \/>\n<meta property=\"og:locale\" content=\"es_MX\" \/>\n<meta property=\"og:type\" content=\"article\" \/>\n<meta property=\"og:title\" content=\"Gracias - Formaci\u00f3n Integral\" \/>\n<meta property=\"og:description\" content=\"Gracias por tu inter\u00e9s en la Actividad UICDifusi\u00f3n Cultural \u00a1Ya hemos recibido tu informaci\u00f3n y nos pondremos en contacto contigo.! S\u00ed. En la UIC es posible Te invitamos a leer el siguiente art\u00edculo: Volver al inicio Bachillerato o preparatoria: \u00bfcu\u00e1l es la diferencia?\" \/>\n<meta property=\"og:url\" content=\"https:\/\/www.uic.mx\/formacion-integral\/difusion-cultural-gracias\/\" \/>\n<meta property=\"og:site_name\" content=\"Formaci\u00f3n Integral\" \/>\n<meta property=\"article:modified_time\" content=\"2025-02-20T15:28:48+00:00\" \/>\n<meta property=\"og:image\" content=\"https:\/\/www.uic.mx\/formacion-integral\/wp-content\/uploads\/2025\/01\/borde_posible.png\" \/>\n\t<meta property=\"og:image:width\" content=\"993\" \/>\n\t<meta property=\"og:image:height\" content=\"12\" \/>\n\t<meta property=\"og:image:type\" content=\"image\/png\" \/>\n<meta name=\"twitter:card\" content=\"summary_large_image\" \/>\n<script type=\"application\/ld+json\" class=\"yoast-schema-graph\">{\"@context\":\"https:\/\/schema.org\",\"@graph\":[{\"@type\":\"WebPage\",\"@id\":\"https:\/\/www.uic.mx\/formacion-integral\/difusion-cultural-gracias\/\",\"url\":\"https:\/\/www.uic.mx\/formacion-integral\/difusion-cultural-gracias\/\",\"name\":\"Gracias - Formaci\u00f3n Integral\",\"isPartOf\":{\"@id\":\"https:\/\/www.uic.mx\/formacion-integral\/#website\"},\"primaryImageOfPage\":{\"@id\":\"https:\/\/www.uic.mx\/formacion-integral\/difusion-cultural-gracias\/#primaryimage\"},\"image\":{\"@id\":\"https:\/\/www.uic.mx\/formacion-integral\/difusion-cultural-gracias\/#primaryimage\"},\"thumbnailUrl\":\"https:\/\/www.uic.mx\/formacion-integral\/wp-content\/uploads\/2025\/01\/borde_posible.png\",\"datePublished\":\"2025-01-15T18:52:26+00:00\",\"dateModified\":\"2025-02-20T15:28:48+00:00\",\"breadcrumb\":{\"@id\":\"https:\/\/www.uic.mx\/formacion-integral\/difusion-cultural-gracias\/#breadcrumb\"},\"inLanguage\":\"es\",\"potentialAction\":[{\"@type\":\"ReadAction\",\"target\":[\"https:\/\/www.uic.mx\/formacion-integral\/difusion-cultural-gracias\/\"]}]},{\"@type\":\"ImageObject\",\"inLanguage\":\"es\",\"@id\":\"https:\/\/www.uic.mx\/formacion-integral\/difusion-cultural-gracias\/#primaryimage\",\"url\":\"https:\/\/www.uic.mx\/formacion-integral\/wp-content\/uploads\/2025\/01\/borde_posible.png\",\"contentUrl\":\"https:\/\/www.uic.mx\/formacion-integral\/wp-content\/uploads\/2025\/01\/borde_posible.png\",\"width\":993,\"height\":12},{\"@type\":\"BreadcrumbList\",\"@id\":\"https:\/\/www.uic.mx\/formacion-integral\/difusion-cultural-gracias\/#breadcrumb\",\"itemListElement\":[{\"@type\":\"ListItem\",\"position\":1,\"name\":\"Inicio\",\"item\":\"https:\/\/www.uic.mx\/formacion-integral\/\"},{\"@type\":\"ListItem\",\"position\":2,\"name\":\"Gracias\"}]},{\"@type\":\"WebSite\",\"@id\":\"https:\/\/www.uic.mx\/formacion-integral\/#website\",\"url\":\"https:\/\/www.uic.mx\/formacion-integral\/\",\"name\":\"Formaci\u00f3n Integral\",\"description\":\"\",\"publisher\":{\"@id\":\"https:\/\/www.uic.mx\/formacion-integral\/#organization\"},\"potentialAction\":[{\"@type\":\"SearchAction\",\"target\":{\"@type\":\"EntryPoint\",\"urlTemplate\":\"https:\/\/www.uic.mx\/formacion-integral\/?s={search_term_string}\"},\"query-input\":{\"@type\":\"PropertyValueSpecification\",\"valueRequired\":true,\"valueName\":\"search_term_string\"}}],\"inLanguage\":\"es\"},{\"@type\":\"Organization\",\"@id\":\"https:\/\/www.uic.mx\/formacion-integral\/#organization\",\"name\":\"Formaci\u00f3n Integral\",\"url\":\"https:\/\/www.uic.mx\/formacion-integral\/\",\"logo\":{\"@type\":\"ImageObject\",\"inLanguage\":\"es\",\"@id\":\"https:\/\/www.uic.mx\/formacion-integral\/#\/schema\/logo\/image\/\",\"url\":\"https:\/\/www.uic.mx\/formacion-integral\/wp-content\/uploads\/2024\/11\/Logo-50-Universidad-Intercontinental-horizontal-blanco-scaled.png\",\"contentUrl\":\"https:\/\/www.uic.mx\/formacion-integral\/wp-content\/uploads\/2024\/11\/Logo-50-Universidad-Intercontinental-horizontal-blanco-scaled.png\",\"width\":2560,\"height\":643,\"caption\":\"Formaci\u00f3n Integral\"},\"image\":{\"@id\":\"https:\/\/www.uic.mx\/formacion-integral\/#\/schema\/logo\/image\/\"}}]}<\/script>\n<!-- \/ Yoast SEO plugin. -->","yoast_head_json":{"title":"Gracias - Formaci\u00f3n Integral","robots":{"index":"index","follow":"follow","max-snippet":"max-snippet:-1","max-image-preview":"max-image-preview:large","max-video-preview":"max-video-preview:-1"},"canonical":"https:\/\/www.uic.mx\/formacion-integral\/difusion-cultural-gracias\/","og_locale":"es_MX","og_type":"article","og_title":"Gracias - Formaci\u00f3n Integral","og_description":"Gracias por tu inter\u00e9s en la Actividad UICDifusi\u00f3n Cultural \u00a1Ya hemos recibido tu informaci\u00f3n y nos pondremos en contacto contigo.! S\u00ed. En la UIC es posible Te invitamos a leer el siguiente art\u00edculo: Volver al inicio Bachillerato o preparatoria: \u00bfcu\u00e1l es la diferencia?","og_url":"https:\/\/www.uic.mx\/formacion-integral\/difusion-cultural-gracias\/","og_site_name":"Formaci\u00f3n Integral","article_modified_time":"2025-02-20T15:28:48+00:00","og_image":[{"width":993,"height":12,"url":"https:\/\/www.uic.mx\/formacion-integral\/wp-content\/uploads\/2025\/01\/borde_posible.png","type":"image\/png"}],"twitter_card":"summary_large_image","schema":{"@context":"https:\/\/schema.org","@graph":[{"@type":"WebPage","@id":"https:\/\/www.uic.mx\/formacion-integral\/difusion-cultural-gracias\/","url":"https:\/\/www.uic.mx\/formacion-integral\/difusion-cultural-gracias\/","name":"Gracias - Formaci\u00f3n Integral","isPartOf":{"@id":"https:\/\/www.uic.mx\/formacion-integral\/#website"},"primaryImageOfPage":{"@id":"https:\/\/www.uic.mx\/formacion-integral\/difusion-cultural-gracias\/#primaryimage"},"image":{"@id":"https:\/\/www.uic.mx\/formacion-integral\/difusion-cultural-gracias\/#primaryimage"},"thumbnailUrl":"https:\/\/www.uic.mx\/formacion-integral\/wp-content\/uploads\/2025\/01\/borde_posible.png","datePublished":"2025-01-15T18:52:26+00:00","dateModified":"2025-02-20T15:28:48+00:00","breadcrumb":{"@id":"https:\/\/www.uic.mx\/formacion-integral\/difusion-cultural-gracias\/#breadcrumb"},"inLanguage":"es","potentialAction":[{"@type":"ReadAction","target":["https:\/\/www.uic.mx\/formacion-integral\/difusion-cultural-gracias\/"]}]},{"@type":"ImageObject","inLanguage":"es","@id":"https:\/\/www.uic.mx\/formacion-integral\/difusion-cultural-gracias\/#primaryimage","url":"https:\/\/www.uic.mx\/formacion-integral\/wp-content\/uploads\/2025\/01\/borde_posible.png","contentUrl":"https:\/\/www.uic.mx\/formacion-integral\/wp-content\/uploads\/2025\/01\/borde_posible.png","width":993,"height":12},{"@type":"BreadcrumbList","@id":"https:\/\/www.uic.mx\/formacion-integral\/difusion-cultural-gracias\/#breadcrumb","itemListElement":[{"@type":"ListItem","position":1,"name":"Inicio","item":"https:\/\/www.uic.mx\/formacion-integral\/"},{"@type":"ListItem","position":2,"name":"Gracias"}]},{"@type":"WebSite","@id":"https:\/\/www.uic.mx\/formacion-integral\/#website","url":"https:\/\/www.uic.mx\/formacion-integral\/","name":"Formaci\u00f3n Integral","description":"","publisher":{"@id":"https:\/\/www.uic.mx\/formacion-integral\/#organization"},"potentialAction":[{"@type":"SearchAction","target":{"@type":"EntryPoint","urlTemplate":"https:\/\/www.uic.mx\/formacion-integral\/?s={search_term_string}"},"query-input":{"@type":"PropertyValueSpecification","valueRequired":true,"valueName":"search_term_string"}}],"inLanguage":"es"},{"@type":"Organization","@id":"https:\/\/www.uic.mx\/formacion-integral\/#organization","name":"Formaci\u00f3n Integral","url":"https:\/\/www.uic.mx\/formacion-integral\/","logo":{"@type":"ImageObject","inLanguage":"es","@id":"https:\/\/www.uic.mx\/formacion-integral\/#\/schema\/logo\/image\/","url":"https:\/\/www.uic.mx\/formacion-integral\/wp-content\/uploads\/2024\/11\/Logo-50-Universidad-Intercontinental-horizontal-blanco-scaled.png","contentUrl":"https:\/\/www.uic.mx\/formacion-integral\/wp-content\/uploads\/2024\/11\/Logo-50-Universidad-Intercontinental-horizontal-blanco-scaled.png","width":2560,"height":643,"caption":"Formaci\u00f3n Integral"},"image":{"@id":"https:\/\/www.uic.mx\/formacion-integral\/#\/schema\/logo\/image\/"}}]}},"_links":{"self":[{"href":"https:\/\/www.uic.mx\/formacion-integral\/wp-json\/wp\/v2\/pages\/1521","targetHints":{"allow":["GET"]}}],"collection":[{"href":"https:\/\/www.uic.mx\/formacion-integral\/wp-json\/wp\/v2\/pages"}],"about":[{"href":"https:\/\/www.uic.mx\/formacion-integral\/wp-json\/wp\/v2\/types\/page"}],"author":[{"embeddable":true,"href":"https:\/\/www.uic.mx\/formacion-integral\/wp-json\/wp\/v2\/users\/1"}],"replies":[{"embeddable":true,"href":"https:\/\/www.uic.mx\/formacion-integral\/wp-json\/wp\/v2\/comments?post=1521"}],"version-history":[{"count":40,"href":"https:\/\/www.uic.mx\/formacion-integral\/wp-json\/wp\/v2\/pages\/1521\/revisions"}],"predecessor-version":[{"id":1887,"href":"https:\/\/www.uic.mx\/formacion-integral\/wp-json\/wp\/v2\/pages\/1521\/revisions\/1887"}],"wp:attachment":[{"href":"https:\/\/www.uic.mx\/formacion-integral\/wp-json\/wp\/v2\/media?parent=1521"}],"curies":[{"name":"wp","href":"https:\/\/api.w.org\/{rel}","templated":true}]}}