{"id":3669,"date":"2025-06-26T10:49:36","date_gmt":"2025-06-26T16:49:36","guid":{"rendered":"https:\/\/www.uic.mx\/investigacion\/?page_id=3669"},"modified":"2025-11-06T16:37:48","modified_gmt":"2025-11-06T22:37:48","slug":"pruebas","status":"publish","type":"page","link":"https:\/\/www.uic.mx\/investigacion\/pruebas\/","title":{"rendered":"Pruebas"},"content":{"rendered":"\t\t<div data-elementor-type=\"wp-page\" data-elementor-id=\"3669\" class=\"elementor elementor-3669\" data-elementor-post-type=\"page\">\n\t\t\t\t<div class=\"elementor-element elementor-element-823905e e-flex e-con-boxed e-con e-parent\" data-id=\"823905e\" data-element_type=\"container\" data-e-type=\"container\">\n\t\t\t\t\t<div class=\"e-con-inner\">\n\t\t<div class=\"elementor-element elementor-element-9f10612 e-con-full e-flex e-con e-child\" data-id=\"9f10612\" data-element_type=\"container\" data-e-type=\"container\">\n\t\t\t\t<div class=\"elementor-element elementor-element-0a7feee elementor-widget elementor-widget-html\" data-id=\"0a7feee\" data-element_type=\"widget\" data-e-type=\"widget\" data-widget_type=\"html.default\">\n\t\t\t\t<div class=\"elementor-widget-container\">\n\t\t\t\t\t<!DOCTYPE html>\r\n<html lang=\"en\">\r\n  <head>\r\n    <title>HeyGen Streaming API LiveKit (V2)<\/title>\r\n    <script src=\"https:\/\/cdn.tailwindcss.com\"><\/script>\r\n    <script src=\"https:\/\/cdn.jsdelivr.net\/npm\/livekit-client\/dist\/livekit-client.umd.min.js\"><\/script>\r\n    <meta charset=\"UTF-8\" \/>\r\n    <meta name=\"viewport\" content=\"width=device-width, initial-scale=1.0\" \/>\r\n  <\/head>\r\n\r\n  <body class=\"bg-gray-100 p-5 font-sans\">\r\n    <div class=\"max-w-3xl mx-auto bg-white p-5 rounded-lg shadow-md\">\r\n      <div class=\"flex flex-wrap gap-2.5 mb-5\">\r\n        <input\r\n          id=\"avatarID\"\r\n          type=\"text\"\r\n          placeholder=\"Avatar ID\"\r\n          value=\"Wayne_20240711\"\r\n          class=\"flex-1 min-w-[200px] p-2 border border-gray-300 rounded-md\"\r\n        \/>\r\n        <input\r\n          id=\"voiceID\"\r\n          type=\"text\"\r\n          placeholder=\"Voice ID\"\r\n          class=\"flex-1 min-w-[200px] p-2 border border-gray-300 rounded-md\"\r\n        \/>\r\n        <button\r\n          id=\"startBtn\"\r\n          class=\"px-4 py-2 bg-green-500 text-white rounded-md hover:bg-green-600 transition-colors disabled:opacity-50 disabled:cursor-not-allowed\"\r\n        >\r\n          Start\r\n        <\/button>\r\n        <button\r\n          id=\"closeBtn\"\r\n          class=\"px-4 py-2 bg-red-500 text-white rounded-md hover:bg-red-600 transition-colors\"\r\n        >\r\n          Close\r\n        <\/button>\r\n      <\/div>\r\n\r\n      <div class=\"flex flex-wrap gap-2.5 mb-5\">\r\n        <input\r\n          id=\"taskInput\"\r\n          type=\"text\"\r\n          placeholder=\"Enter text for avatar to speak\"\r\n          class=\"flex-1 min-w-[200px] p-2 border border-gray-300 rounded-md\"\r\n        \/>\r\n        <button\r\n          id=\"talkBtn\"\r\n          class=\"px-4 py-2 bg-green-500 text-white rounded-md hover:bg-green-600 transition-colors\"\r\n        >\r\n          Talk (LLM)\r\n        <\/button>\r\n        <button\r\n          id=\"repeatBtn\"\r\n          class=\"px-4 py-2 bg-blue-500 text-white rounded-md hover:bg-blue-600 transition-colors\"\r\n        >\r\n          Repeat\r\n        <\/button>\r\n      <\/div>\r\n\r\n      <video\r\n        id=\"mediaElement\"\r\n        class=\"w-full max-h-[400px] border rounded-lg my-5\"\r\n        autoplay\r\n      ><\/video>\r\n      <div\r\n        id=\"status\"\r\n        class=\"p-2.5 bg-gray-50 border border-gray-300 rounded-md h-[100px] overflow-y-auto font-mono text-sm\"\r\n      ><\/div>\r\n    <\/div>\r\n\r\n    <script>\r\n      \/\/ Configuration\r\n      const API_CONFIG = {\r\n        apiKey: \"ZTU3OGJiZmUzZTljNGYwNTgyYzM1YWU4NzY0MmUzY2MtMTcwNTQyOTE5MA==\",\r\n        serverUrl: \"https:\/\/api.heygen.com\",\r\n      };\r\n\r\n      \/\/ Global variables\r\n      let sessionInfo = null;\r\n      let room = null;\r\n      let mediaStream = null;\r\n      let webSocket = null;\r\n      let sessionToken = null;\r\n\r\n      \/\/ DOM Elements\r\n      const statusElement = document.getElementById(\"status\");\r\n      const mediaElement = document.getElementById(\"mediaElement\");\r\n      const avatarID = document.getElementById(\"avatarID\");\r\n      const voiceID = document.getElementById(\"voiceID\");\r\n      const taskInput = document.getElementById(\"taskInput\");\r\n\r\n      \/\/ Helper function to update status\r\n      function updateStatus(message) {\r\n        const timestamp = new Date().toLocaleTimeString();\r\n        statusElement.innerHTML += `[${timestamp}] ${message}<br>`;\r\n        statusElement.scrollTop = statusElement.scrollHeight;\r\n      }\r\n\r\n      \/\/ Get session token\r\n      async function getSessionToken() {\r\n        const response = await fetch(\r\n          `${API_CONFIG.serverUrl}\/v1\/streaming.create_token`,\r\n          {\r\n            method: \"POST\",\r\n            headers: {\r\n              \"Content-Type\": \"application\/json\",\r\n              \"X-Api-Key\": API_CONFIG.apiKey,\r\n            },\r\n          }\r\n        );\r\n\r\n        const data = await response.json();\r\n        sessionToken = data.data.token;\r\n        updateStatus(\"Session token obtained\");\r\n      }\r\n\r\n      \/\/ Connect WebSocket\r\n      async function connectWebSocket(sessionId) {\r\n        const params = new URLSearchParams({\r\n          session_id: sessionId,\r\n          session_token: sessionToken,\r\n          silence_response: false,\r\n          opening_text: \"Hello, how can I help you?\",\r\n          stt_language: \"en\",\r\n        });\r\n\r\n        const wsUrl = `wss:\/\/${\r\n          new URL(API_CONFIG.serverUrl).hostname\r\n        }\/v1\/ws\/streaming.chat?${params}`;\r\n\r\n        webSocket = new WebSocket(wsUrl);\r\n\r\n        \/\/ Handle WebSocket events\r\n        webSocket.addEventListener(\"message\", (event) => {\r\n          const eventData = JSON.parse(event.data);\r\n          console.log(\"Raw WebSocket event:\", eventData);\r\n        });\r\n      }\r\n\r\n      \/\/ Create new session\r\n      async function createNewSession() {\r\n        if (!sessionToken) {\r\n          await getSessionToken();\r\n        }\r\n\r\n        const response = await fetch(\r\n          `${API_CONFIG.serverUrl}\/v1\/streaming.new`,\r\n          {\r\n            method: \"POST\",\r\n            headers: {\r\n              \"Content-Type\": \"application\/json\",\r\n              Authorization: `Bearer ${sessionToken}`,\r\n            },\r\n            body: JSON.stringify({\r\n              quality: \"high\",\r\n              avatar_name: avatarID.value,\r\n              voice: {\r\n                voice_id: voiceID.value,\r\n                rate: 1.0,\r\n              },\r\n              version: \"v2\",\r\n              video_encoding: \"H264\",\r\n            }),\r\n          }\r\n        );\r\n\r\n        const data = await response.json();\r\n        sessionInfo = data.data;\r\n\r\n        \/\/ Create LiveKit Room\r\n        room = new LivekitClient.Room({\r\n          adaptiveStream: true,\r\n          dynacast: true,\r\n          videoCaptureDefaults: {\r\n            resolution: LivekitClient.VideoPresets.h720.resolution,\r\n          },\r\n        });\r\n\r\n        \/\/ Handle room events\r\n        room.on(LivekitClient.RoomEvent.DataReceived, (message) => {\r\n          const data = new TextDecoder().decode(message);\r\n          console.log(\"Room message:\", JSON.parse(data));\r\n        });\r\n\r\n        \/\/ Handle media streams\r\n        mediaStream = new MediaStream();\r\n        room.on(LivekitClient.RoomEvent.TrackSubscribed, (track) => {\r\n          if (track.kind === \"video\" || track.kind === \"audio\") {\r\n            mediaStream.addTrack(track.mediaStreamTrack);\r\n            if (\r\n              mediaStream.getVideoTracks().length > 0 &&\r\n              mediaStream.getAudioTracks().length > 0\r\n            ) {\r\n              mediaElement.srcObject = mediaStream;\r\n              updateStatus(\"Media stream ready\");\r\n            }\r\n          }\r\n        });\r\n\r\n        \/\/ Handle media stream removal\r\n        room.on(LivekitClient.RoomEvent.TrackUnsubscribed, (track) => {\r\n          const mediaTrack = track.mediaStreamTrack;\r\n          if (mediaTrack) {\r\n            mediaStream.removeTrack(mediaTrack);\r\n          }\r\n        });\r\n\r\n        \/\/ Handle room connection state changes\r\n        room.on(LivekitClient.RoomEvent.Disconnected, (reason) => {\r\n          updateStatus(`Room disconnected: ${reason}`);\r\n        });\r\n\r\n        await room.prepareConnection(sessionInfo.url, sessionInfo.access_token);\r\n        updateStatus(\"Connection prepared\");\r\n\r\n        \/\/ Connect WebSocket after room preparation\r\n        await connectWebSocket(sessionInfo.session_id);\r\n\r\n        updateStatus(\"Session created successfully\");\r\n      }\r\n\r\n      \/\/ Start streaming session\r\n      async function startStreamingSession() {\r\n        const startResponse = await fetch(\r\n          `${API_CONFIG.serverUrl}\/v1\/streaming.start`,\r\n          {\r\n            method: \"POST\",\r\n            headers: {\r\n              \"Content-Type\": \"application\/json\",\r\n              Authorization: `Bearer ${sessionToken}`,\r\n            },\r\n            body: JSON.stringify({\r\n              session_id: sessionInfo.session_id,\r\n            }),\r\n          }\r\n        );\r\n\r\n        \/\/ Connect to LiveKit room\r\n        await room.connect(sessionInfo.url, sessionInfo.access_token);\r\n        updateStatus(\"Connected to room\");\r\n\r\n        document.querySelector(\"#startBtn\").disabled = true;\r\n        updateStatus(\"Streaming started successfully\");\r\n      }\r\n\r\n      \/\/ Send text to avatar\r\n      async function sendText(text, taskType = \"talk\") {\r\n        if (!sessionInfo) {\r\n          updateStatus(\"No active session\");\r\n          return;\r\n        }\r\n\r\n        const response = await fetch(\r\n          `${API_CONFIG.serverUrl}\/v1\/streaming.task`,\r\n          {\r\n            method: \"POST\",\r\n            headers: {\r\n              \"Content-Type\": \"application\/json\",\r\n              Authorization: `Bearer ${sessionToken}`,\r\n            },\r\n            body: JSON.stringify({\r\n              session_id: sessionInfo.session_id,\r\n              text: text,\r\n              task_type: taskType,\r\n            }),\r\n          }\r\n        );\r\n\r\n        updateStatus(`Sent text (${taskType}): ${text}`);\r\n      }\r\n\r\n      \/\/ Close session\r\n      async function closeSession() {\r\n        if (!sessionInfo) {\r\n          updateStatus(\"No active session\");\r\n          return;\r\n        }\r\n\r\n        const response = await fetch(\r\n          `${API_CONFIG.serverUrl}\/v1\/streaming.stop`,\r\n          {\r\n            method: \"POST\",\r\n            headers: {\r\n              \"Content-Type\": \"application\/json\",\r\n              Authorization: `Bearer ${sessionToken}`,\r\n            },\r\n            body: JSON.stringify({\r\n              session_id: sessionInfo.session_id,\r\n            }),\r\n          }\r\n        );\r\n\r\n        \/\/ Close WebSocket\r\n        if (webSocket) {\r\n          webSocket.close();\r\n        }\r\n        \/\/ Disconnect from LiveKit room\r\n        if (room) {\r\n          room.disconnect();\r\n        }\r\n\r\n        mediaElement.srcObject = null;\r\n        sessionInfo = null;\r\n        room = null;\r\n        mediaStream = null;\r\n        sessionToken = null;\r\n        document.querySelector(\"#startBtn\").disabled = false;\r\n\r\n        updateStatus(\"Session closed\");\r\n      }\r\n\r\n      \/\/ Event Listeners\r\n      document\r\n        .querySelector(\"#startBtn\")\r\n        .addEventListener(\"click\", async () => {\r\n          await createNewSession();\r\n          await startStreamingSession();\r\n        });\r\n      document\r\n        .querySelector(\"#closeBtn\")\r\n        .addEventListener(\"click\", closeSession);\r\n      document.querySelector(\"#talkBtn\").addEventListener(\"click\", () => {\r\n        const text = taskInput.value.trim();\r\n        if (text) {\r\n          sendText(text, \"talk\");\r\n          taskInput.value = \"\";\r\n        }\r\n      });\r\n      document.querySelector(\"#repeatBtn\").addEventListener(\"click\", () => {\r\n        const text = taskInput.value.trim();\r\n        if (text) {\r\n          sendText(text, \"repeat\");\r\n          taskInput.value = \"\";\r\n        }\r\n      });\r\n    <\/script>\r\n  <\/body>\r\n<\/html>\t\t\t\t<\/div>\n\t\t\t\t<\/div>\n\t\t\t\t<\/div>\n\t\t\t\t\t<\/div>\n\t\t\t\t<\/div>\n\t\t<div class=\"elementor-element elementor-element-bb0a041 e-flex e-con-boxed e-con e-parent\" data-id=\"bb0a041\" data-element_type=\"container\" data-e-type=\"container\">\n\t\t\t\t\t<div class=\"e-con-inner\">\n\t\t<div class=\"elementor-element elementor-element-a66339e e-con-full e-flex e-con e-child\" data-id=\"a66339e\" data-element_type=\"container\" data-e-type=\"container\">\n\t\t\t\t<div class=\"elementor-element elementor-element-7b133b2 elementor-widget elementor-widget-html\" data-id=\"7b133b2\" data-element_type=\"widget\" data-e-type=\"widget\" data-widget_type=\"html.default\">\n\t\t\t\t<div class=\"elementor-widget-container\">\n\t\t\t\t\t<!DOCTYPE html>\r\n<html>\r\n\r\n<head>\r\n  <meta http-equiv=\"Content-Type\" content=\"text\/html; charset=utf-8\" \/>\r\n  <title>Mapa Interactivo UIC<\/title>\r\n  <meta name=\"viewport\" content=\"width=device-width, initial-scale=1.0\">\r\n  <link href=\"https:\/\/stackpath.bootstrapcdn.com\/bootstrap\/4.4.1\/css\/bootstrap.min.css\" rel=\"stylesheet\">\r\n  <link rel=\"stylesheet\" href=\"https:\/\/cdnjs.cloudflare.com\/ajax\/libs\/font-awesome\/5.12.0-2\/css\/all.min.css\" \/>\r\n  <script src=\"https:\/\/code.jquery.com\/jquery-3.5.1.js\" type=\"text\/javascript\"><\/script>\r\n  <script src=\"https:\/\/stackpath.bootstrapcdn.com\/bootstrap\/4.4.1\/js\/bootstrap.min.js\"><\/script>\r\n  <script src=\"js\/jquery.maphilight.min.js\"><\/script>\r\n  <link rel=\"stylesheet\" href=\"css\/style.css\" type=\"text\/css\" \/>\r\n\r\n  <script>\r\n    $(function () {\r\n      $('.map').maphilight();\r\n\r\n      $('.clickable-row').mouseover(function (e) {\r\n        let areaid = $(this).data('areaid');\r\n        $(`#${areaid}`).mouseover();\r\n      }).mouseout(function (e) {\r\n        let areaid = $(this).data('areaid');\r\n        $(`#${areaid}`).mouseout();\r\n      });\r\n\r\n    });\r\n\r\n    function mostrar(panelAnterior, panelNuevo) {\r\n      $(`#${panelAnterior}`).hide();\r\n      $(`#${panelNuevo}`).show();\r\n    }\r\n\r\n    function regresar(panelAnterior, panelNuevo) {\r\n      $(`#${panelAnterior}`).show();\r\n      $(`#${panelNuevo}`).hide();\r\n    }\r\n  <\/script>\r\n<\/head>\r\n\r\n<body>\r\n  <div class=\"container\">\r\n    <div class=\"row mt-1\">\r\n      <div class=\"col-lg-12\">\r\n        <div class=\"card\">\r\n          <div class=\"card-header bg-dark text-white\">\r\n            <div class=\"row mt-2\">\r\n              <div class=\"col-lg-12 text-center\">\r\n                <h2>Mapa Interactivo UIC<\/h2>\r\n              <\/div>\r\n            <\/div>\r\n          <\/div>\r\n          <div class=\"card-body\">\r\n            <!-- Panel principal -->\r\n            <div id=\"panelPrincipal\">\r\n              <div class=\"row mt-3\">\r\n                <div class=\"col-lg-12 text-center\">\r\n                  <div class=\"table-responsive\">\r\n                    <table class=\"table table-hover\">\r\n                      <thead class=\"thead-dark\">\r\n                        <tr>\r\n                          <th>Edificios<\/th>\r\n                        <\/tr>\r\n                      <\/thead>\r\n                      <tbody>\r\n                        <tr id=\"btnEdiAme\" class=\"clickable-row\" onclick=\"mostrar('panelPrincipal', 'panelEAmerica')\"\r\n                          data-areaid=\"mapEdiAme\">\r\n                          <td><a>Am\u00e9rica<\/a><\/td>\r\n                        <\/tr>\r\n                        <tr id=\"btnEdiEMS\" class=\"clickable-row\" onclick=\"mostrar('panelPrincipal', 'panelEEMS')\"\r\n                          data-areaid=\"mapEdiEMS\">\r\n                          <td>Esteban Mart\u00ednez de la Serna<\/td>\r\n                        <\/tr>\r\n                        <tr id=\"btnEdiRec\" class=\"clickable-row\" onclick=\"mostrar('panelPrincipal', 'panelERec')\"\r\n                          data-areaid=\"mapEdiRec\">\r\n                          <td>Rector\u00eda<\/td>\r\n                        <\/tr>\r\n                        <tr id=\"btnEdiOce\" class=\"clickable-row\" onclick=\"mostrar('panelPrincipal', 'panelEOce')\"\r\n                          data-areaid=\"mapEdiOce\">\r\n                          <td>Ocean\u00eda I y II<\/td>\r\n                        <\/tr>\r\n                      <\/tbody>\r\n                    <\/table>\r\n                  <\/div>\r\n                <\/div>\r\n              <\/div>\r\n              <hr \/>\r\n              <!-- Mapa -->\r\n              <div class=\"row mt-1 justify-content-center\">\r\n                <div class=\"col-auto\">\r\n                  <img fetchpriority=\"high\" decoding=\"async\" src=\"img\/UICMap.jpg\" alt=\"Workplace\" usemap=\"#workmap\" width=\"570\" height=\"332\" class=\"map\">\r\n                  <map name=\"workmap\">\r\n                    <area id=\"mapEdiAme\" shape=\"poly\" coords=\"215,125,270,95,315,125,260,150\" alt=\"Edificio Am\u00e9rica\"\r\n                      data-maphilight='{\"stroke\":true, \"strokeWidth\":2, \"strokeColor\":\"5bc0de\",\"fillOpacity\":0.4}'\r\n                      title=\"Edificio Am\u00e9rica\" onclick=\"mostrar('panelPrincipal', 'panelEAmerica')\">\r\n                    <area id=\"mapEdiEMS\" shape=\"poly\" coords=\"20,240,55,200,90,200,90,275,30,275\"\r\n                      alt=\"Edificio Esteban Mart\u00ednez de la Serna\"\r\n                      data-maphilight='{\"stroke\":true, \"strokeWidth\":2, \"strokeColor\":\"3CB371\",\"fillOpacity\":0.4}'\r\n                      title=\"Edificio Esteban Mart\u00ednez de la Serna\" onclick=\"mostrar('panelPrincipal', 'panelEEMS')\">\r\n                    <area id=\"mapEdiRec\" shape=\"poly\" coords=\"260,80,290,60,320,80,290,100\" alt=\"Edificio de Rector\u00eda\"\r\n                      data-maphilight='{\"stroke\":true, \"strokeWidth\":2, \"strokeColor\":\"BE9EDE\",\"fillOpacity\":0.4}'\r\n                      title=\"Edificio de Rector\u00eda\" onclick=\"mostrar('panelPrincipal', 'panelERec')\">\r\n                    <area id=\"mapEdiOce\" shape=\"poly\" coords=\"390,120,445,80,512,110,455,155\"\r\n                      alt=\"Edificio Ocean\u00eda I y II\"\r\n                      data-maphilight='{\"stroke\":true, \"strokeWidth\":2, \"strokeColor\":\"91E6C2\",\"fillOpacity\":0.4}'\r\n                      title=\"Edificio Ocean\u00eda I y II\" onclick=\"mostrar('panelPrincipal', 'panelEOce')\">\r\n                  <\/map>\r\n                <\/div>\r\n              <\/div>\r\n            <\/div>\r\n\r\n            <!-- Edificio Am\u00e9rica -->\r\n            <div id=\"panelEAmerica\" style=\"display: none;\">\r\n              <div class=\"row mt-3\">\r\n                <div class=\"col-lg-12 text-center\">\r\n                  <div class=\"table-responsive\">\r\n                    <table class=\"table table-hover\">\r\n                      <thead class=\"thead-dark\">\r\n                        <tr>\r\n                          <th colspan=\"2\">Edificio Am\u00e9rica<\/th>\r\n                        <\/tr>\r\n                      <\/thead>\r\n                      <tbody>\r\n                        <tr>\r\n                          <td><a class=\"btn btn-block btn-outline-info text-dark\"\r\n                              onclick=\"mostrar('panelEAmerica', 'panelEAmericaConMed')\">Consultorio M\u00e9dico<\/a>\r\n                          <\/td>\r\n                          <td><a class=\"btn btn-block btn-outline-info text-dark\"\r\n                              onclick=\"mostrar('panelEAmerica', 'panelEAmericaActDep')\">Coordinaci\u00f3n de Actividades Deportivas<\/a><\/td>\r\n                        <\/tr>\r\n                        <tr>\r\n                          <td><a class=\"btn btn-block btn-outline-info text-dark\"\r\n                              onclick=\"mostrar('panelEAmerica', 'panelEAmericaMedCon')\">Coordinaci\u00f3n de Atenci\u00f3n e Investigaci\u00f3n en Medicina Conductual<\/a><\/td>\r\n                          <td><a class=\"btn btn-block btn-outline-info text-dark\"\r\n                              onclick=\"mostrar('panelEAmerica', 'panelEAmericaComAca')\">Coordinaci\u00f3n de C\u00f3mputo Acad\u00e9mico<\/a><\/td>\r\n                        <\/tr>\r\n                        <tr>\r\n                          <td><a class=\"btn btn-block btn-outline-info text-dark\"\r\n                              onclick=\"mostrar('panelEAmerica', 'panelEAmericaDesAca')\">Coordinaci\u00f3n de\r\n                              Desarrollo Acad\u00e9mico Estudiantil<\/a><\/td>\r\n                          <td><a class=\"btn btn-block btn-outline-info text-dark\"\r\n                              onclick=\"mostrar('panelEAmerica', 'panelEAmericaDifCul')\">Coordinaci\u00f3n de Difusi\u00f3n Cultural<\/a><\/td>\r\n                        <\/tr>\r\n                        <tr>\r\n                          <td><a class=\"btn btn-block btn-outline-info text-dark\"\r\n                              onclick=\"mostrar('panelEAmerica', 'panelEAmericaForHum')\">Coordinaci\u00f3n de\r\n                              Formaci\u00f3n Humanista y Bien Com\u00fan<\/a><\/td>\r\n                          <td><a class=\"btn btn-block btn-outline-info text-dark\"\r\n                              onclick=\"mostrar('panelEAmerica', 'panelEAmericaInsLab')\">Coordinaci\u00f3n de Empleabilidad y Egresados<\/a><\/td>\r\n                        <\/tr>\r\n                        <tr>\r\n                          <td><a class=\"btn btn-block btn-outline-info text-dark\"\r\n                              onclick=\"mostrar('panelEAmerica', 'panelEAmericaLenExt')\">Direcci\u00f3n de Lenguas Extranjeras y Multiculturalidad<\/a><\/td>\r\n                          <td><a class=\"btn btn-block btn-outline-info text-dark\"\r\n                              onclick=\"mostrar('panelEAmerica', 'panelEAmericaMisInt')\">Coordinaci\u00f3n de Misi\u00f3n Internacional<\/a><\/td>\r\n                        <\/tr>\r\n                        <tr>\r\n                          <td><a class=\"btn btn-block btn-outline-info text-dark\"\r\n                              onclick=\"mostrar('panelEAmerica', 'panelEAmericaPasUni')\">Coordinaci\u00f3n de Pastoral\r\n                              Universitaria<\/a><\/td>\r\n                          <td><a class=\"btn btn-block btn-outline-info text-dark\"\r\n                              onclick=\"mostrar('panelEAmerica', 'panelEAmericaPraUni')\">Coordinaci\u00f3n de Pr\u00e1cticas Universitarias<\/a><\/td>\r\n                        <\/tr>\r\n                        <tr>\r\n                          <td><a class=\"btn btn-block btn-outline-info text-dark\"\r\n                              onclick=\"mostrar('panelEAmerica', 'panelEAmericaPsiPed')\">Coordinaci\u00f3n de Psicopedag\u00f3gico<\/a><\/td>\r\n                          <td><a class=\"btn btn-block btn-outline-info text-dark\"\r\n                              onclick=\"mostrar('panelEAmerica', 'panelEAmericaSerSoc')\">Coordinaci\u00f3n de Servicio Social<\/a><\/td>\r\n                        <\/tr>\r\n                        <tr>\r\n                          <td><a class=\"btn btn-block btn-outline-info text-dark\"\r\n                              onclick=\"mostrar('panelEAmerica', 'panelEAmericaSerEsc')\">Direcci\u00f3n de Servicios Escolares<\/a>\r\n                          <\/td>\r\n                          <td><a class=\"btn btn-block btn-outline-info text-dark\"\r\n                              onclick=\"mostrar('panelEAmerica', 'panelEAmericaFinan')\">Direcci\u00f3n de Finanzas<\/a><\/td>\r\n                        <\/tr>\r\n                        <td><a class=\"btn btn-block btn-outline-info text-dark\"\r\n                              onclick=\"mostrar('panelEAmerica', 'panelEAmericaTecInfo')\">Direcci\u00f3n de Tecnolog\u00edas de la Informaci\u00f3n<\/a><\/td>\r\n                        <\/tr>\r\n                        \r\n                      <\/tbody>\r\n                    <\/table>\r\n                  <\/div>\r\n                <\/div>\r\n              <\/div>\r\n              <div class=\"row justify-content-center\">\r\n                <div class=\"col-auto\">\r\n                  <a id=\"btnVolverAmerica\" class=\"btn text-primary\" href=\"#\"\r\n                    onclick=\"regresar('panelPrincipal', 'panelEAmerica')\"><i\r\n                      class=\"fas fa-2x fa-home\"><\/i>&nbsp;INICIO<\/a>\r\n                <\/div>\r\n              <\/div>\r\n              <div class=\"row mt-3\">\r\n                <div class=\"col-lg-12\">\r\n                  <img decoding=\"async\" class=\"card-img-top\" src=\"img\/EDIFICIO-AME\u0301RICA.jpeg\" alt=\"Edificio Am\u00e9rica\">\r\n                <\/div>\r\n              <\/div>\r\n            <\/div>\r\n            <!-- Edificio Am\u00e9rcia - Instancias -->\r\n            <!-- Consultorio M\u00e9dico -->\r\n            <div id=\"panelEAmericaConMed\" style=\"display: none;\">\r\n              <div class=\"row mt-3 justify-content-center\">\r\n                <div class=\"col-lg-12\">\r\n                  <div class=\"card\">\r\n                    <div class=\"card-header bg-dark text-white text-center\">\r\n                      <h6 class=\"card-title font-weight-bold\">Edificio Am\u00e9rica<\/h6>\r\n                    <\/div>\r\n                    <div class=\"card-body\">\r\n                      <div class=\"row mt-1\">\r\n                        <div class=\"col-lg-6\">\r\n                          <h5 class=\"card-title text-center\">Consultorio M\u00e9dico<\/h5>\r\n                          <ul>\r\n                            <li><b>Actividades:<\/b> Ofrece atenci\u00f3n m\u00e9dica b\u00e1sica y primeros auxilios a estudiantes que acuden al consultorio universitario.<\/li>\r\n                            <li><b>Ubicaci\u00f3n:<\/b> Edificio Am\u00e9rica, planta baja (exterior).<\/li>\r\n                            <li><b>Responsables:<\/b> <br>\r\n                              Dr. Edgar Ruiz Amaya (07:00 a 14:00 horas)<br>\r\n                            Dra. Aura Garc\u00eda Rodr\u00edguez (14:00 a 22:00 horas)<\/li>\r\n                            <li><b>Tel\u00e9fono:<\/b> (55) 5487 1300 ext. 1380<\/li>\r\n                            <li><b>Correos:<\/b> <br>\r\n                              <a href=\"mailto:edgar.ruiz@universidad-uic.edu.mx\" class=\"alert-link\">edgar.ruiz@universidad-uic.edu.mx<\/a>\r\n                            <a href=\"mailto:aura.garcia@universidad-uic.edu.mx\" class=\"alert-link\">aura.garcia@universidad-uic.edu.mx<\/a><\/li>\r\n                          <\/ul>\r\n                        <\/div>\r\n                        <div class=\"col-lg-6\">\r\n                          <!--<img decoding=\"async\" class=\"img-thumbnail\"\r\n                            src=\"img\/CONSULTORIO-ME\u0301DICO.jpeg\"\r\n                            alt=\"Consultorio M\u00e9dico\">-->\r\n                            <video autoplay muted loop>\r\n                              <source src=\"video\/Consultorio-M\u00e9dico.mp4\">\r\n                          <\/video>\r\n                        <\/div>\r\n                      <\/div>\r\n                    <\/div>\r\n                  <\/div>\r\n                <\/div>\r\n              <\/div>\r\n              <div class=\"row mt-3 justify-content-center\">\r\n                <div class=\"col-auto\">\r\n                  <a id=\"btnVolverAmericaConMed\" class=\"btn text-primary\" href=\"#\"\r\n                    onclick=\"regresar('panelEAmerica', 'panelEAmericaConMed')\"><i\r\n                      class=\"fas fa-arrow-left\"><\/i>&nbsp;Regresar<\/a>\r\n                <\/div>\r\n              <\/div>\r\n            <\/div>\r\n            <!-- Actividades Deportivas -->\r\n            <div id=\"panelEAmericaActDep\" style=\"display: none;\">\r\n              <div class=\"row mt-3 justify-content-center\">\r\n                <div class=\"col-lg-12\">\r\n                  <div class=\"card\">\r\n                    <div class=\"card-header bg-dark text-white text-center\">\r\n                      <h6 class=\"card-title font-weight-bold\">Edificio Am\u00e9rica<\/h6>\r\n                    <\/div>\r\n                    <div class=\"card-body\">\r\n                      <div class=\"row mt-1\">\r\n                        <div class=\"col-lg-6\">\r\n                          <h5 class=\"card-title text-center\">Coordinaci\u00f3n de Actividades Deportivas<\/h5>\r\n                          <ul>\r\n                            <li><b>Actividades:<\/b> Actividades para fortalecer tu salud f\u00edsica y mental, autoestima, h\u00e1bitos y valores durante tu carrera.<\/li>\r\n                            <li><b>Ubicaci\u00f3n:<\/b> Edificio Am\u00e9rica, planta baja.<\/li>\r\n                            <li><b>Responsable:<\/b> Lic. Marco Vinicio de la Rosa<\/li>\r\n                            <li><b>Tel\u00e9fono:<\/b> (55) 5487 1300 ext. 1893<\/li>\r\n                            <li><b>Correo:<\/b> <a href=\"mailto:marco.delarosa@universidad-uic.edu.mx\" class=\"alert-link\">marco.delarosa@universidad-uic.edu.mx<\/a><\/li>\r\n                          <\/ul>\r\n                        <\/div>\r\n                        <div class=\"col-lg-6\">\r\n                          <!--<img decoding=\"async\" class=\"img-thumbnail\"\r\n                            src=\"img\/COORDINACI\u00d3N-DE-ACTIVIDADES-DEPORTIVAS.jpeg\"\r\n                            alt=\"Actividades Deportivas\">-->\r\n                            <video autoplay muted loop>\r\n                              <source src=\"video\/Coordinaci\u00f3n-de-Actividades-Deportivas.mp4\">\r\n                            <\/video>\r\n                        <\/div>\r\n                      <\/div>\r\n                    <\/div>\r\n                  <\/div>\r\n                <\/div>\r\n              <\/div>\r\n              <div class=\"row mt-3 justify-content-center\">\r\n                <div class=\"col-auto\">\r\n                  <a id=\"btnVolverAmericaActDep\" class=\"btn text-primary\" href=\"#\"\r\n                    onclick=\"regresar('panelEAmerica', 'panelEAmericaActDep')\"><i\r\n                      class=\"fas fa-arrow-left\"><\/i>&nbsp;Regresar<\/a>\r\n                <\/div>\r\n              <\/div>\r\n            <\/div>\r\n            <!-- Atenci\u00f3n e Investigaci\u00f3n en Medicina Conductual -->\r\n            <div id=\"panelEAmericaMedCon\" style=\"display: none;\">\r\n              <div class=\"row mt-3 justify-content-center\">\r\n                <div class=\"col-lg-12\">\r\n                  <div class=\"card\">\r\n                    <div class=\"card-header bg-dark text-white text-center\">\r\n                      <h6 class=\"card-title font-weight-bold\">Edificio Am\u00e9rica<\/h6>\r\n                    <\/div>\r\n                    <div class=\"card-body\">\r\n                      <div class=\"row mt-1\">\r\n                        <div class=\"col-lg-6\">\r\n                          <h5 class=\"card-title text-center\">Centro de Atenci\u00f3n e Investigaci\u00f3n en Medicina Conductual<\/h5>\r\n                          <ul>\r\n                            <li><b>Actividades:<\/b> Atiende crisis emocionales y promueve habilidades para manejar ansiedad, estr\u00e9s, depresi\u00f3n y relaciones sanas.<\/li>\r\n                            <li><b>Ubicaci\u00f3n:<\/b> Edificio Am\u00e9rica, 2do piso (junto a sala de Posgrados).<\/li>\r\n                            <li><b>Responsable:<\/b> Dr. William Alves Oliveira<\/li>\r\n                            <li><b>Tel\u00e9fono:<\/b> (55) 5487 1300 ext. 3324<\/li>\r\n                            <li><b>Correo:<\/b> <a href=\"mailto:william.oliveira@universidad-uic.edu.mx\" class=\"alert-link\">william.oliveira@universidad-uic.edu.mx<\/a><\/li>\r\n                          <\/ul>\r\n                        <\/div>\r\n                        <div class=\"col-lg-6\">\r\n                          <!--<img decoding=\"async\" class=\"img-thumbnail\"\r\n                            src=\"img\/CENTRO-DE-ATENCIO\u0301N-E-INVESTIGACIO\u0301N-EN-MEDICINA-CONDUCTUAL.jpeg\"\r\n                            alt=\"Medicina Conductual\">-->\r\n                            <video autoplay muted loop>\r\n                              <source src=\"video\/Centro-de-Atenci\u00f3n-e-Investigaci\u00f3n-en-Medicina-Conductual.mp4\">\r\n                            <\/video>\r\n                        <\/div>\r\n                      <\/div>\r\n                    <\/div>\r\n                  <\/div>\r\n                <\/div>\r\n              <\/div>\r\n              <div class=\"row mt-3 justify-content-center\">\r\n                <div class=\"col-auto\">\r\n                  <a id=\"btnVolverAmericaMedCon\" class=\"btn text-primary\" href=\"#\"\r\n                    onclick=\"regresar('panelEAmerica', 'panelEAmericaMedCon')\"><i\r\n                      class=\"fas fa-arrow-left\"><\/i>&nbsp;Regresar<\/a>\r\n                <\/div>\r\n              <\/div>\r\n            <\/div>\r\n            <!-- C\u00f3mputo Acad\u00e9mico -->\r\n            <div id=\"panelEAmericaComAca\" style=\"display: none;\">\r\n              <div class=\"row mt-3 justify-content-center\">\r\n                <div class=\"col-lg-12\">\r\n                  <div class=\"card\">\r\n                    <div class=\"card-header bg-dark text-white text-center\">\r\n                      <h6 class=\"card-title font-weight-bold\">Edificio Am\u00e9rica<\/h6>\r\n                    <\/div>\r\n                    <div class=\"card-body\">\r\n                      <div class=\"row mt-1\">\r\n                        <div class=\"col-lg-6\">\r\n                          <h5 class=\"card-title text-center\">Coordinaci\u00f3n de C\u00f3mputo Acad\u00e9mico<\/h5>\r\n                          <ul>\r\n                            <li><b>Actividades:<\/b> Brinda acceso a laboratorios y equipo de c\u00f3mputo para apoyar las actividades acad\u00e9micas estudiantiles.<\/li>\r\n                            <li><b>Ubicaci\u00f3n:<\/b> Edificio Am\u00e9rica, planta baja.<\/li>\r\n                            <li><b>Responsable:<\/b> Mtro. Juan Jos\u00e9 Pablo Azmitia Dorantes<\/li>\r\n                            <li><b>Tel\u00e9fono:<\/b> (55) 5487 1300 ext. 1403<\/li>\r\n                            <li><b>Correo:<\/b> <a href=\"mailto:juanjo.azmitia@universidad-uic.edu.mx\" class=\"alert-link\">juanjo.azmitia@universidad-uic.edu.mx<\/a><\/li>\r\n                          <\/ul>\r\n                        <\/div>\r\n                        <div class=\"col-lg-6\">\r\n                          <!--<img decoding=\"async\" class=\"img-thumbnail\"\r\n                            src=\"img\/COORDINACIO\u0301N-DE-CO\u0301MPUTO-ACADE\u0301MICO.jpeg\"\r\n                            alt=\"C\u00f3mputo Acad\u00e9mico\">-->\r\n                            <video autoplay muted loop>\r\n                              <source src=\"video\/Coordinaci\u00f3n-de-C\u00f3mputo-Acad\u00e9mico.mp4\">\r\n                          <\/video>\r\n                        <\/div>\r\n                      <\/div>\r\n                    <\/div>\r\n                  <\/div>\r\n                <\/div>\r\n              <\/div>\r\n              <div class=\"row mt-3 justify-content-center\">\r\n                <div class=\"col-auto\">\r\n                  <a id=\"btnVolverAmericaComAca\" class=\"btn text-primary\" href=\"#\"\r\n                    onclick=\"regresar('panelEAmerica', 'panelEAmericaComAca')\"><i\r\n                      class=\"fas fa-arrow-left\"><\/i>&nbsp;Regresar<\/a>\r\n                <\/div>\r\n              <\/div>\r\n            <\/div>\r\n            <!-- Desarrollo Acad\u00e9mico -->\r\n            <div id=\"panelEAmericaDesAca\" style=\"display: none;\">\r\n              <div class=\"row mt-3 justify-content-center\">\r\n                <div class=\"col-lg-12\">\r\n                  <div class=\"card\">\r\n                    <div class=\"card-header bg-dark text-white text-center\">\r\n                      <h6 class=\"card-title font-weight-bold\">Edificio Am\u00e9rica<\/h6>\r\n                    <\/div>\r\n                    <div class=\"card-body\">\r\n                      <div class=\"row mt-1\">\r\n                        <div class=\"col-lg-6\">\r\n                          <h5 class=\"card-title text-center\">Coordinaci\u00f3n de Desarrollo Acad\u00e9mico Estudiantil<\/h5>\r\n                          <ul>\r\n                            <li><b>Actividades:<\/b> Ofrece cursos, talleres y asesor\u00edas pedag\u00f3gicas que fortalecen habilidades y mejoran el desempe\u00f1o acad\u00e9mico estudiantil.<\/li>\r\n                            <li><b>Ubicaci\u00f3n:<\/b> Edificio Am\u00e9rica, 3er piso.<\/li>\r\n                            <li><b>Responsable:<\/b> Lic. Rodrigo Jim\u00e9nez Camacho<\/li>\r\n                            <li><b>Tel\u00e9fono:<\/b> (55) 5487 1300 ext. 3311<\/li>\r\n                            <li><b>Correo:<\/b> <a href=\"mailto:rodrigo.jimenez@universidad-uic.edu.mx\" class=\"alert-link\">rodrigo.jimenez@universidad-uic.edu.mx<\/a><\/li>\r\n                          <\/ul>\r\n                        <\/div>\r\n                        <div class=\"col-lg-6\">\r\n                          <!--<img decoding=\"async\" class=\"img-thumbnail\"\r\n                            src=\"img\/COORDINACIO\u0301N-DE-DESARROLLO-ACADE\u0301MICO-ESTUDIANTIL.jpeg\"\r\n                            alt=\"Desarrollo Acad\u00e9mico\">-->\r\n                            <video autoplay muted loop>\r\n                              <source src=\"video\/Coordinaci\u00f3n-de-Desarrollo-Acad\u00e9mico-Estudiantil.mp4\">\r\n                          <\/video>\r\n                        <\/div>\r\n                      <\/div>\r\n                    <\/div>\r\n                  <\/div>\r\n                <\/div>\r\n              <\/div>\r\n              <div class=\"row mt-3 justify-content-center\">\r\n                <div class=\"col-auto\">\r\n                  <a id=\"btnVolverAmericaDesAca\" class=\"btn text-primary\" href=\"#\"\r\n                    onclick=\"regresar('panelEAmerica', 'panelEAmericaDesAca')\"><i\r\n                      class=\"fas fa-arrow-left\"><\/i>&nbsp;Regresar<\/a>\r\n                <\/div>\r\n              <\/div>\r\n            <\/div>\r\n            <!-- Difusi\u00f3n Cultural -->\r\n            <div id=\"panelEAmericaDifCul\" style=\"display: none;\">\r\n              <div class=\"row mt-3 justify-content-center\">\r\n                <div class=\"col-lg-12\">\r\n                  <div class=\"card\">\r\n                    <div class=\"card-header bg-dark text-white text-center\">\r\n                      <h6 class=\"card-title font-weight-bold\">Edificio Am\u00e9rica<\/h6>\r\n                    <\/div>\r\n                    <div class=\"card-body\">\r\n                      <div class=\"row mt-1\">\r\n                        <div class=\"col-lg-6\">\r\n                          <h5 class=\"card-title text-center\">Coordinaci\u00f3n de Difusi\u00f3n Cultural<\/h5>\r\n                          <ul>\r\n                            <li><b>Actividades: <\/b>Te ofrece experiencias formativas de arte, eventos culturales y descuentos para espect\u00e1culos.<\/li>\r\n                            <li><b>Ubicaci\u00f3n:<\/b> Edificio Am\u00e9rica, planta baja.<\/li>\r\n                            <li><b>Responsable:<\/b> Mtra. Dora Mar\u00eda G\u00f3mez Alonso<\/li>\r\n                            <li><b>Tel\u00e9fono:<\/b> (55) 5487 1300 ext. 1845<\/li>\r\n                            <li><b>Correo:<\/b> <a href=\"mailto:dora.gomez@universidad-uic.edu.mx\" class=\"alert-link\">dora.gomez@universidad-uic.edu.mx<\/a><\/li>\r\n                          <\/ul>\r\n                        <\/div>\r\n                        <div class=\"col-lg-6\">\r\n                          <img decoding=\"async\" class=\"img-thumbnail\"\r\n                            src=\"img\/COORDINACIO\u0301N-DE-DIFUSIO\u0301N-CULTURAL.jpeg\"\r\n                            alt=\"Difusi\u00f3n Cultural\">\r\n                        <\/div>\r\n                      <\/div>\r\n                    <\/div>\r\n                  <\/div>\r\n                <\/div>\r\n              <\/div>\r\n              <div class=\"row mt-3 justify-content-center\">\r\n                <div class=\"col-auto\">\r\n                  <a id=\"btnVolverAmericaDifCul\" class=\"btn text-primary\" href=\"#\"\r\n                    onclick=\"regresar('panelEAmerica', 'panelEAmericaDifCul')\"><i\r\n                      class=\"fas fa-arrow-left\"><\/i>&nbsp;Regresar<\/a>\r\n                <\/div>\r\n              <\/div>\r\n            <\/div>\r\n            <!-- Formaci\u00f3n Humanista -->\r\n            <div id=\"panelEAmericaForHum\" style=\"display: none;\">\r\n              <div class=\"row mt-3 justify-content-center\">\r\n                <div class=\"col-lg-12\">\r\n                  <div class=\"card\">\r\n                    <div class=\"card-header bg-dark text-white text-center\">\r\n                      <h6 class=\"card-title font-weight-bold\">Edificio Am\u00e9rica<\/h6>\r\n                    <\/div>\r\n                    <div class=\"card-body\">\r\n                      <div class=\"row mt-1\">\r\n                        <div class=\"col-lg-6\">\r\n                          <h5 class=\"card-title text-center\">Coordinaci\u00f3n de Formaci\u00f3n Humanista y Bien Com\u00fan<\/h5>\r\n                          <ul>\r\n                            <li><b>Actividades:<\/b> Impulsa actividades acad\u00e9micas que refuerzan la identidad UIC con enfoque \u00e9tico-social.<\/li>\r\n                            <li><b>Ubicaci\u00f3n:<\/b> Edificio Am\u00e9rica, dentro de Unidad de Comunicaci\u00f3n Audiovisual (UCA).<\/li>\r\n                            <li><b>Responsable:<\/b> Lic. Victor Manuel Ram\u00edrez S\u00e1nchez<\/li>\r\n                            <li><b>Tel\u00e9fono:<\/b> (55) 5487 1300 ext. 2916<\/li>\r\n                            <li><b>Correo:<\/b> <a href=\"mailto:victormanuel.ramirez@universidad-uic.edu.mx\" class=\"alert-link\">victormanuel.ramirez@universidad-uic.edu.mx<\/a><\/li>\r\n                          <\/ul>\r\n                        <\/div>\r\n                        <div class=\"col-lg-6\">\r\n                          <img decoding=\"async\" class=\"img-thumbnail\"\r\n                            src=\"img\/COORDINACI\u00d3N-DE-FORMACI\u00d3N-HUMANISTA-Y-BIEN-COMU\u0301N.jpg\"\r\n                            alt=\"Formaci\u00f3n Humanista\">\r\n                        <\/div>\r\n                      <\/div>\r\n                    <\/div>\r\n                  <\/div>\r\n                <\/div>\r\n              <\/div>\r\n              <div class=\"row mt-3 justify-content-center\">\r\n                <div class=\"col-auto\">\r\n                  <a id=\"btnVolverAmericaForHum\" class=\"btn text-primary\" href=\"#\"\r\n                    onclick=\"regresar('panelEAmerica', 'panelEAmericaForHum')\"><i\r\n                      class=\"fas fa-arrow-left\"><\/i>&nbsp;Regresar<\/a>\r\n                <\/div>\r\n              <\/div>\r\n            <\/div>\r\n            <!-- Inserci\u00f3n Laboral -->\r\n            <div id=\"panelEAmericaInsLab\" style=\"display: none;\">\r\n              <div class=\"row mt-3 justify-content-center\">\r\n                <div class=\"col-lg-12\">\r\n                  <div class=\"card\">\r\n                    <div class=\"card-header bg-dark text-white text-center\">\r\n                      <h6 class=\"card-title font-weight-bold\">Edificio Am\u00e9rica<\/h6>\r\n                    <\/div>\r\n                    <div class=\"card-body\">\r\n                      <div class=\"row mt-1\">\r\n                        <div class=\"col-lg-6\">\r\n                          <h5 class=\"card-title text-center\">Coordinaci\u00f3n de Empleabilidad y Egresados<\/h5>\r\n                          <ul>\r\n                            <li><b>Actividades: <\/b>Ofrece orientaci\u00f3n, vinculaci\u00f3n y acompa\u00f1amiento para fortalecer tu empleabilidad e impulsar tu desarrollo profesional.<\/li>\r\n                            <li><b>Ubicaci\u00f3n:<\/b> Edificio Am\u00e9rica, planta baja.<\/li>\r\n                            <li><b>Responsable: <\/b>Lic. Rosa Mar\u00eda de Guadalupe Zenil Onga<\/li>\r\n                            <li><b>Tel\u00e9fono:<\/b> (55) 5487 1300 ext. 2451<\/li>\r\n                            <li><b>Correo:<\/b> <a href=\"mailto:inserci\u00f3n.laboral@universidad-uic.edu.mx\" class=\"alert-link\">inserci\u00f3n.laboral@universidad-uic.edu.mx<\/a><\/li>\r\n                          <\/ul>\r\n                        <\/div>\r\n                        <div class=\"col-lg-6\">\r\n                          <img decoding=\"async\" class=\"img-thumbnail\"\r\n                            src=\"img\/COORDINACI\u00d3N-DE-INSERCIO\u0301N-LABORAL.jpg\"\r\n                            alt=\"Inserci\u00f3n Laboral\">\r\n                        <\/div>\r\n                      <\/div>\r\n                    <\/div>\r\n                  <\/div>\r\n                <\/div>\r\n              <\/div>\r\n              <div class=\"row mt-3 justify-content-center\">\r\n                <div class=\"col-auto\">\r\n                  <a id=\"btnVolverAmericaInsLab\" class=\"btn text-primary\" href=\"#\"\r\n                    onclick=\"regresar('panelEAmerica', 'panelEAmericaInsLab')\"><i\r\n                      class=\"fas fa-arrow-left\"><\/i>&nbsp;Regresar<\/a>\r\n                <\/div>\r\n              <\/div>\r\n            <\/div>\r\n            <!-- Lenguas Extranjeras -->\r\n            <div id=\"panelEAmericaLenExt\" style=\"display: none;\">\r\n              <div class=\"row mt-3 justify-content-center\">\r\n                <div class=\"col-lg-12\">\r\n                  <div class=\"card\">\r\n                    <div class=\"card-header bg-dark text-white text-center\">\r\n                      <h6 class=\"card-title font-weight-bold\">Edificio Am\u00e9rica<\/h6>\r\n                    <\/div>\r\n                    <div class=\"card-body\">\r\n                      <div class=\"row mt-1\">\r\n                        <div class=\"col-lg-6\">\r\n                          <h5 class=\"card-title text-center\">Direcci\u00f3n de Lenguas Extranjeras y Multiculturalidad<\/h5>\r\n                          <ul>\r\n                            <li><b>Actividades:<\/b> Ofrece ex\u00e1menes, cursos y certificaciones en varios idiomas para apoyar la formaci\u00f3n acad\u00e9mica estudiantil.<\/li>\r\n                            <li><b>Ubicaci\u00f3n:<\/b> Edificio Am\u00e9rica, planta baja.<\/li>\r\n                            <li><b>Responsable:<\/b> Mtra. Alejandra Bonilla Cassani<\/li>\r\n                            <li><b>Tel\u00e9fono:<\/b> (55) 5487 1300 ext. 1416<\/li>\r\n                            <li><b>Correo:<\/b> <a href=\"mailto:alejandra.bonilla@universidad-uic.edu.mx\" class=\"alert-link\">alejandra.bonilla@universidad-uic.edu.mx<\/a><\/li>\r\n                          <\/ul>\r\n                        <\/div>\r\n                        <div class=\"col-lg-6\">\r\n                          <img decoding=\"async\" class=\"img-thumbnail\"\r\n                            src=\"img\/COORDINACI\u00d3N- DE-LENGUAS-EXTRANJERAS.jpg\"\r\n                            alt=\"Lenguas Extranjeras\">\r\n                        <\/div>\r\n                      <\/div>\r\n                    <\/div>\r\n                  <\/div>\r\n                <\/div>\r\n              <\/div>\r\n              <div class=\"row mt-3 justify-content-center\">\r\n                <div class=\"col-auto\">\r\n                  <a id=\"btnVolverAmericaLenExt\" class=\"btn text-primary\" href=\"#\"\r\n                    onclick=\"regresar('panelEAmerica', 'panelEAmericaLenExt')\"><i\r\n                      class=\"fas fa-arrow-left\"><\/i>&nbsp;Regresar<\/a>\r\n                <\/div>\r\n              <\/div>\r\n            <\/div>\r\n            <!-- Misi\u00f3n Internacional -->\r\n            <div id=\"panelEAmericaMisInt\" style=\"display: none;\">\r\n              <div class=\"row mt-3 justify-content-center\">\r\n                <div class=\"col-lg-12\">\r\n                  <div class=\"card\">\r\n                    <div class=\"card-header bg-dark text-white text-center\">\r\n                      <h6 class=\"card-title font-weight-bold\">Edificio Am\u00e9rica<\/h6>\r\n                    <\/div>\r\n                    <div class=\"card-body\">\r\n                      <div class=\"row mt-1\">\r\n                        <div class=\"col-lg-6\">\r\n                          <h5 class=\"card-title text-center\">Coordinaci\u00f3n de Misi\u00f3n Internacional<\/h5>\r\n                          <ul>\r\n                            <li><b>Actividades:<\/b> Forma lideres misioneros que promuevan la dignidad humana y contribuyan al bien com\u00fan mediante inserciones comunitarias.<\/li>\r\n                            <li><b>Ubicaci\u00f3n:<\/b> Edificio Am\u00e9rica, planta baja.<\/li>\r\n                            <li><b>Responsable:<\/b> Mar\u00eda de la Luz Aguirre Guzm\u00e1n<\/li>\r\n                            <li><b>Tel\u00e9fono:<\/b> (55) 5487 1300 ext. 1224<\/li>\r\n                            <li><b>Correo:<\/b> <a href=\"mailto:mision.internacional@universidad-uic.edu.mx\" class=\"alert-link\">mision.internacional@universidad-uic.edu.mx<\/a><\/li>\r\n                          <\/ul>\r\n                        <\/div>\r\n                        <div class=\"col-lg-6\">\r\n                          <img decoding=\"async\" class=\"img-thumbnail\"\r\n                            src=\"img\/COORDINACIO\u0301N-DE-MISIO\u0301N-INTERNACIONAL.jpg\"\r\n                            alt=\"Misi\u00f3n Internacional\">\r\n                        <\/div>\r\n                      <\/div>\r\n                    <\/div>\r\n                  <\/div>\r\n                <\/div>\r\n              <\/div>\r\n              <div class=\"row mt-3 justify-content-center\">\r\n                <div class=\"col-auto\">\r\n                  <a id=\"btnVolverAmericaMisInt\" class=\"btn text-primary\" href=\"#\"\r\n                    onclick=\"regresar('panelEAmerica', 'panelEAmericaMisInt')\"><i\r\n                      class=\"fas fa-arrow-left\"><\/i>&nbsp;Regresar<\/a>\r\n                <\/div>\r\n              <\/div>\r\n            <\/div>\r\n            <!-- Pastoral Universitaria -->\r\n            <div id=\"panelEAmericaPasUni\" style=\"display: none;\">\r\n              <div class=\"row mt-3 justify-content-center\">\r\n                <div class=\"col-lg-12\">\r\n                  <div class=\"card\">\r\n                    <div class=\"card-header bg-dark text-white text-center\">\r\n                      <h6 class=\"card-title font-weight-bold\">Edificio Am\u00e9rica<\/h6>\r\n                    <\/div>\r\n                    <div class=\"card-body\">\r\n                      <div class=\"row mt-1\">\r\n                        <div class=\"col-lg-6\">\r\n                          <h5 class=\"card-title text-center\">Coordinaci\u00f3n de Pastoral Universitaria<\/h5>\r\n                          <ul>\r\n                            <li><b>Actividades:<\/b> Experiencias comunitarias que responden a tus necesidades de vivir, amar y trascender en tu carrera.<\/li>\r\n                            <li><b>Ubicaci\u00f3n:<\/b> Edificio Am\u00e9rica, planta baja.<\/li>\r\n                            <li><b>Responsable:<\/b> P. Miguel Angel Ramirez Flores<\/li>\r\n                            <li><b>Tel\u00e9fono:<\/b> (55) 5487 1300 ext. 1360<\/li>\r\n                            <li><b>Correo:<\/b> <a href=\"mailto:miguel.ramirez@universidad-uic.edu.mx\" class=\"alert-link\">miguel.ramirez@universidad-uic.edu.mx<\/a><\/li>\r\n                          <\/ul>\r\n                        <\/div>\r\n                        <div class=\"col-lg-6\">\r\n                          <img decoding=\"async\" class=\"img-thumbnail\"\r\n                            src=\"img\/COORDINACI\u00d3N-DE-PASTORAL.jpg\"\r\n                            alt=\"Pastoral Universitaria\">\r\n                        <\/div>\r\n                      <\/div>\r\n                    <\/div>\r\n                  <\/div>\r\n                <\/div>\r\n              <\/div>\r\n              <div class=\"row mt-3 justify-content-center\">\r\n                <div class=\"col-auto\">\r\n                  <a id=\"btnVolverAmericaPasUni\" class=\"btn text-primary\" href=\"#\"\r\n                    onclick=\"regresar('panelEAmerica', 'panelEAmericaPasUni')\"><i\r\n                      class=\"fas fa-arrow-left\"><\/i>&nbsp;Regresar<\/a>\r\n                <\/div>\r\n              <\/div>\r\n            <\/div>\r\n            <!-- Pr\u00e1cticas Universitarias -->\r\n            <div id=\"panelEAmericaPraUni\" style=\"display: none;\">\r\n              <div class=\"row mt-3 justify-content-center\">\r\n                <div class=\"col-lg-12\">\r\n                  <div class=\"card\">\r\n                    <div class=\"card-header bg-dark text-white text-center\">\r\n                      <h6 class=\"card-title font-weight-bold\">Edificio Am\u00e9rica<\/h6>\r\n                    <\/div>\r\n                    <div class=\"card-body\">\r\n                      <div class=\"row mt-1\">\r\n                        <div class=\"col-lg-6\">\r\n                          <h5 class=\"card-title text-center\">Coordinaci\u00f3n de Pr\u00e1cticas Universitarias<\/h5>\r\n                          <ul>\r\n                            <li><b>Actividades:<\/b> Vincula teor\u00eda y pr\u00e1ctica mediante pr\u00e1cticas profesionales y universitarias, fortaleciendo habilidades seg\u00fan cada licenciatura.<\/li>\r\n                            <li><b>Ubicaci\u00f3n:<\/b> Edificio Am\u00e9rica, planta baja.<\/li>\r\n                            <li><b>Responsable:<\/b> Mtra. Ana Lilia Acosta Morales<\/li>\r\n                            <li><b>Tel\u00e9fono:<\/b> (55) 5487 1300 ext. 2451<\/li>\r\n                            <li><b>Correo:<\/b> <a href=\"mailto:ana.acostam@universidad-uic.edu.mx\" class=\"alert-link\">ana.acostam@universidad-uic.edu.mx<\/a><\/li>\r\n                          <\/ul>\r\n                        <\/div>\r\n                        <div class=\"col-lg-6\">\r\n                          <img decoding=\"async\" class=\"img-thumbnail\"\r\n                            src=\"img\/COORDINACI\u00d3N-DE-PRA\u0301CTICAS-UNIVERSITARIAS.jpg\"\r\n                            alt=\"Pr\u00e1cticas Universitarias\">\r\n                        <\/div>\r\n                      <\/div>\r\n                    <\/div>\r\n                  <\/div>\r\n                <\/div>\r\n              <\/div>\r\n              <div class=\"row mt-3 justify-content-center\">\r\n                <div class=\"col-auto\">\r\n                  <a id=\"btnVolverAmericaPraUni\" class=\"btn text-primary\" href=\"#\"\r\n                    onclick=\"regresar('panelEAmerica', 'panelEAmericaPraUni')\"><i\r\n                      class=\"fas fa-arrow-left\"><\/i>&nbsp;Regresar<\/a>\r\n                <\/div>\r\n              <\/div>\r\n            <\/div>\r\n            <!-- Psicopedag\u00f3gico -->\r\n            <div id=\"panelEAmericaPsiPed\" style=\"display: none;\">\r\n              <div class=\"row mt-3 justify-content-center\">\r\n                <div class=\"col-lg-12\">\r\n                  <div class=\"card\">\r\n                    <div class=\"card-header bg-dark text-white text-center\">\r\n                      <h6 class=\"card-title font-weight-bold\">Edificio Am\u00e9rica<\/h6>\r\n                    <\/div>\r\n                    <div class=\"card-body\">\r\n                      <div class=\"row mt-1\">\r\n                        <div class=\"col-lg-6\">\r\n                          <h5 class=\"card-title text-center\">Coordinaci\u00f3n de Psicopedag\u00f3gico<\/h5>\r\n                          <ul>\r\n                            <li><b>Actividades:<\/b> Ofrece orientaci\u00f3n vocacional y apoyo socioemocional para fortalecer el desarrollo integral del estudiante.<\/li>\r\n                            <li><b>Ubicaci\u00f3n:<\/b> Anexo del Edificio Am\u00e9rica, 2do piso.<\/li>\r\n                            <li><b>Responsable:<\/b> Mtra. Ver\u00f3nica Araceli Mart\u00ednez Villanueva<\/li>\r\n                            <li><b>Tel\u00e9fono:<\/b> (55) 5487 1300 ext. 1235<\/li>\r\n                            <li><b>Correo:<\/b> <a href=\"mailto:veronica.martinez@uic.edu.mx\" class=\"alert-link\">veronica.martinez@uic.edu.mx<\/a><\/li>\r\n                          <\/ul>\r\n                        <\/div>\r\n                        <div class=\"col-lg-6\">\r\n                          <img decoding=\"async\" class=\"img-thumbnail\"\r\n                            src=\"img\/COORDINACI\u00d3N-DE-PSICOPEDAGO\u0301GICO.jpg\"\r\n                            alt=\"Psicopedag\u00f3gico\">\r\n                        <\/div>\r\n                      <\/div>\r\n                    <\/div>\r\n                  <\/div>\r\n                <\/div>\r\n              <\/div>\r\n              <div class=\"row mt-3 justify-content-center\">\r\n                <div class=\"col-auto\">\r\n                  <a id=\"btnVolverAmericaPsiPed\" class=\"btn text-primary\" href=\"#\"\r\n                    onclick=\"regresar('panelEAmerica', 'panelEAmericaPsiPed')\"><i\r\n                      class=\"fas fa-arrow-left\"><\/i>&nbsp;Regresar<\/a>\r\n                <\/div>\r\n              <\/div>\r\n            <\/div>\r\n            <!-- Servicio Social -->\r\n            <div id=\"panelEAmericaSerSoc\" style=\"display: none;\">\r\n              <div class=\"row mt-3 justify-content-center\">\r\n                <div class=\"col-lg-12\">\r\n                  <div class=\"card\">\r\n                    <div class=\"card-header bg-dark text-white text-center\">\r\n                      <h6 class=\"card-title font-weight-bold\">Edificio Am\u00e9rica<\/h6>\r\n                    <\/div>\r\n                    <div class=\"card-body\">\r\n                      <div class=\"row mt-1\">\r\n                        <div class=\"col-lg-6\">\r\n                          <h5 class=\"card-title text-center\">Coordinaci\u00f3n de Servicio Social<\/h5>\r\n                          <ul>\r\n                            <li><b>Actividades:<\/b> Orienta y gestiona el cumplimiento del servicio social seg\u00fan cr\u00e9ditos y requisitos de cada licenciatura.<\/li>\r\n                            <li><b>Ubicaci\u00f3n:<\/b> Edificio Am\u00e9rica, planta baja.<\/li>\r\n                            <li><b>Responsable:<\/b> Lic. Karina Isabel V\u00e1zquez Rivera<\/li>\r\n                            <li><b>Tel\u00e9fono:<\/b> (55) 5487 1300 ext. 1240\/1241<\/li>\r\n                            <li><b>Correo:<\/b> <a href=\"mailto:servicio.social@uic.edu.mx\" class=\"alert-link\">servicio.social@uic.edu.mx<\/a><\/li>\r\n                          <\/ul>\r\n                        <\/div>\r\n                        <div class=\"col-lg-6\">\r\n                          <img decoding=\"async\" class=\"img-thumbnail\"\r\n                            src=\"img\/COORDINACIO\u0301N-DE-SERVICIO-SOCIAL.jpg\"\r\n                            alt=\"Servicio Social\">\r\n                        <\/div>\r\n                      <\/div>\r\n                    <\/div>\r\n                  <\/div>\r\n                <\/div>\r\n              <\/div>\r\n              <div class=\"row mt-3 justify-content-center\">\r\n                <div class=\"col-auto\">\r\n                  <a id=\"btnVolverAmericaSerSoc\" class=\"btn text-primary\" href=\"#\"\r\n                    onclick=\"regresar('panelEAmerica', 'panelEAmericaSerSoc')\"><i\r\n                      class=\"fas fa-arrow-left\"><\/i>&nbsp;Regresar<\/a>\r\n                <\/div>\r\n              <\/div>\r\n            <\/div>\r\n            <!-- Servicios Escolares -->\r\n            <div id=\"panelEAmericaSerEsc\" style=\"display: none;\">\r\n              <div class=\"row mt-3 justify-content-center\">\r\n                <div class=\"col-lg-12\">\r\n                  <div class=\"card\">\r\n                    <div class=\"card-header bg-dark text-white text-center\">\r\n                      <h6 class=\"card-title font-weight-bold\">Edificio Am\u00e9rica<\/h6>\r\n                    <\/div>\r\n                    <div class=\"card-body\">\r\n                      <div class=\"row mt-1\">\r\n                        <div class=\"col-lg-6\">\r\n                          <h5 class=\"card-title text-center\">Direcci\u00f3n de Servicios Escolares<\/h5>\r\n                          <ul>\r\n                            <li><b>Actividades:<\/b> Gestiona tr\u00e1mites escolares clave como credenciales, constancias, certificados, bajas, titulaci\u00f3n y control acad\u00e9mico estudiantil.<\/li>\r\n                            <li><b>Ubicaci\u00f3n:<\/b> Edificio Am\u00e9rica, planta baja (exterior).<\/li>\r\n                            <li><b>Responsable:<\/b> Mtra. Laura De La Luz Armend\u00e1riz<\/li>\r\n                            <li><b>Tel\u00e9fono:<\/b> (55) 5487 1300 ext. 1260<\/li>\r\n                            <li><b>Correo:<\/b> <a href=\"mailto:laura.delaluz@universidad-uic.edu.mx\" class=\"alert-link\">laura.delaluz@universidad-uic.edu.mx<\/a><\/li>\r\n                          <\/ul>\r\n                        <\/div>\r\n                        <div class=\"col-lg-6\">\r\n                          <img decoding=\"async\" class=\"img-thumbnail\"\r\n                            src=\"img\/COORDINACI\u00d3N-DE-SERVICIOS-ESCOLARES.jpg\"\r\n                            alt=\"Servicios Escolares\">\r\n                        <\/div>\r\n                      <\/div>\r\n                    <\/div>\r\n                  <\/div>\r\n                <\/div>\r\n              <\/div>\r\n              <div class=\"row mt-3 justify-content-center\">\r\n                <div class=\"col-auto\">\r\n                  <a id=\"btnVolverAmericaSerEsc\" class=\"btn text-primary\" href=\"#\"\r\n                    onclick=\"regresar('panelEAmerica', 'panelEAmericaSerEsc')\"><i\r\n                      class=\"fas fa-arrow-left\"><\/i>&nbsp;Regresar<\/a>\r\n                <\/div>\r\n              <\/div>\r\n            <\/div>\r\n            <!-- Finanzas -->\r\n            <div id=\"panelEAmericaFinan\" style=\"display: none;\">\r\n              <div class=\"row mt-3 justify-content-center\">\r\n                <div class=\"col-lg-12\">\r\n                  <div class=\"card\">\r\n                    <div class=\"card-header bg-dark text-white text-center\">\r\n                      <h6 class=\"card-title font-weight-bold\">Edificio Am\u00e9rica<\/h6>\r\n                    <\/div>\r\n                    <div class=\"card-body\">\r\n                      <div class=\"row mt-1\">\r\n                        <div class=\"col-lg-6\">\r\n                          <h5 class=\"card-title text-center\">Direcci\u00f3n de Finanzas<\/h5>\r\n                          <ul>\r\n                            <li><b>Actividades:<\/b> Brinda orientaci\u00f3n financiera a estudiantes y familias sobre pagos, becas, seguros y opciones de reembolso.<\/li>\r\n                            <li><b>Ubicaci\u00f3n:<\/b> Edificio Am\u00e9rica, planta baja (exterior).<\/li>\r\n                            <li><b>Responsables:<\/b><br>\r\n                              Mtra. Laura Soriano Bernal - Gerente de ingresos\r\n                              <ul>\r\n                                <li><b>Tel\u00e9fono: <\/b>(55) 5487 1300 ext. 1211<\/li>\r\n                                <li><b>Correo: <\/b>laura.soriano@universidad-uic.edu.mx<br>\r\n                                <\/li>\r\n                              <\/ul>\r\n                                  Mtra. Carolina Aguilar Ram\u00edrez \u2013 Coordinaci\u00f3n de Becas y apoyos financieros\r\n                                <ul>\r\n                                  <li><b>Tel\u00e9fono: <\/b>(55) 5487 1300 ext. 1275<\/li>\r\n                                  <li><b>Correo:<\/b> carolina.aguilar@universidad-uic.edu.mx<\/li>\r\n                                <\/ul>\r\n                                Rub\u00e9n G\u00e1mez Murillo \u2013 Jefe de \u00e1rea de cobranzas\r\n                                <ul>\r\n                                  <li><b>Tel\u00e9fono: <\/b>(55) 5487 1300 ext. 1363<\/li>\r\n                                  <li><b>Correo: <\/b>ruben.gamez@universidad-uic.edu.mx<\/li>\r\n                                <\/ul>\r\n                          <\/ul>\r\n                        <\/div>\r\n                        <div class=\"col-lg-6\">\r\n                          <img decoding=\"async\" class=\"img-thumbnail\"\r\n                            src=\"img\/DEPARTAMENTO-DE-FINANZAS.jpg\"\r\n                            alt=\"Finanzas\">\r\n                        <\/div>\r\n                      <\/div>\r\n                    <\/div>\r\n                  <\/div>\r\n                <\/div>\r\n              <\/div>\r\n              <div class=\"row mt-3 justify-content-center\">\r\n                <div class=\"col-auto\">\r\n                  <a id=\"btnVolverAmericaFinan\" class=\"btn text-primary\" href=\"#\"\r\n                    onclick=\"regresar('panelEAmerica', 'panelEAmericaFinan')\"><i\r\n                      class=\"fas fa-arrow-left\"><\/i>&nbsp;Regresar<\/a>\r\n                <\/div>\r\n              <\/div>\r\n            <\/div>\r\n\r\n            <!--Tecnolog\u00edas de la Informaci\u00f3n-->\r\n            <div id=\"panelEAmericaTecInfo\" style=\"display: none;\">\r\n              <div class=\"row mt-3 justify-content-center\">\r\n                <div class=\"col-lg-12\">\r\n                  <div class=\"card\">\r\n                    <div class=\"card-header bg-dark text-white text-center\">\r\n                      <h6 class=\"card-title font-weight-bold\">Edificio Am\u00e9rica<\/h6>\r\n                    <\/div>\r\n                    <div class=\"card-body\">\r\n                      <div class=\"row mt-1\">\r\n                        <div class=\"col-lg-6\">\r\n                          <h5 class=\"card-title text-center\">Direcci\u00f3n de Tecnolog\u00edas de la Informaci\u00f3n<\/h5>\r\n                          <ul>\r\n                            <li><b>Actividades: <\/b>Brinda soporte t\u00e9cnico y atenci\u00f3n a estudiantes sobre uso y seguimiento de aplicaciones institucionales.<\/li>\r\n                            <li><b>Ubicaci\u00f3n:<\/b> Edificio Am\u00e9rica, 1er piso (anexo)<\/li>\r\n                            <li><b>Responsable: <\/b>Juan Jos\u00e9 Azmitia Dorantes<\/li>\r\n                            <li><b>Tel\u00e9fono:<\/b> : (55) 54871403<\/li>\r\n                            <li><b>Correo:<\/b> <a href=\"mailto:juan.azmitia@uic.edu.mx\" class=\"alert-link\">juan.azmitia@uic.edu.mx<\/a><\/li>\r\n                          <\/ul>\r\n                        <\/div>\r\n                        <div class=\"col-lg-6\">\r\n                          <!--<img decoding=\"async\" class=\"img-thumbnail\"\r\n                            src=\"img\/prueba-full-1920-x-1080.png\"\r\n                            alt=\"Tecnolog\u00edas de la Informaci\u00f3n\">-->\r\n                            <video autoplay muted loop>\r\n                              <source src=\"video\/Grabaci\u00f3n de pantalla 2025-02-11 101228.mp4\">\r\n                          <\/video>\r\n                        <\/div>\r\n                      <\/div>\r\n                    <\/div>\r\n                  <\/div>\r\n                <\/div>\r\n              <\/div>\r\n              <div class=\"row mt-3 justify-content-center\">\r\n                <div class=\"col-auto\">\r\n                  <a id=\"btnVolverAmericaInsLab\" class=\"btn text-primary\" href=\"#\"\r\n                    onclick=\"regresar('panelEAmerica', 'panelEAmericaTecInfo')\"><i\r\n                      class=\"fas fa-arrow-left\"><\/i>&nbsp;Regresar<\/a>\r\n                <\/div>\r\n              <\/div>\r\n            <\/div>\r\n\r\n            <!-- Edificio Esteban Martinez de la Serna -->\r\n            <div id=\"panelEEMS\" style=\"display: none;\">\r\n              <div class=\"row mt-3\">\r\n                <div class=\"col-lg-12 text-center\">\r\n                  <div class=\"table-responsive\">\r\n                    <table class=\"table table-hover\">\r\n                      <thead class=\"thead-dark\">\r\n                        <tr>\r\n                          <th>Edificio Esteban Mart\u00ednez de la Serna<\/th>\r\n                        <\/tr>\r\n                      <\/thead>\r\n                      <tbody>\r\n                        <tr>\r\n                          <td><a class=\"btn btn-outline-seagreen text-dark\"\r\n                              onclick=\"mostrar('panelEEMS', 'panelEEMSEduCon')\">Educaci\u00f3n Continua<\/a><\/td>\r\n                        <\/tr>\r\n                      <\/tbody>\r\n                    <\/table>\r\n                  <\/div>\r\n                <\/div>\r\n              <\/div>\r\n              <div class=\"row mt-3 justify-content-center\">\r\n                <div class=\"col-auto\">\r\n                  <a id=\"btnVolverEMS\" class=\"btn text-primary\" href=\"#\"\r\n                    onclick=\"regresar('panelPrincipal', 'panelEEMS')\"><i class=\"fas fa-2x fa-home\"><\/i>&nbsp;INICIO<\/a>\r\n                <\/div>\r\n              <\/div>\r\n              <div class=\"row mt-3\">\r\n                <div class=\"col-lg-12\">\r\n                  <img decoding=\"async\" class=\"card-img-top\" src=\"img\/MARTI\u0301NEZ-DE-LA-SERNA.jpeg\" alt=\"Edificio Esteban Mart\u00ednez de la Serna\">\r\n                <\/div>\r\n              <\/div>\r\n            <\/div>\r\n            <!-- Edificio Esteban Martinez de la Serna - Instancias -->\r\n             <!-- Educaci\u00f3n Continua -->\r\n            <div id=\"panelEEMSEduCon\" style=\"display: none;\">\r\n              <div class=\"row mt-3 justify-content-center\">\r\n                <div class=\"col-lg-12\">\r\n                  <div class=\"card\">\r\n                    <div class=\"card-header bg-dark text-white text-center\">\r\n                      <h6 class=\"card-title font-weight-bold\">Esteban Martinez de la Serna<\/h6>\r\n                    <\/div>\r\n                    <div class=\"card-body\">\r\n                      <div class=\"row mt-1\">\r\n                        <div class=\"col-lg-6\">\r\n                          <h5 class=\"card-title text-center\">Educaci\u00f3n Continua<\/h5>\r\n                          <ul>\r\n                            <li><b>Actividades:<\/b> Ofrece formaci\u00f3n continua mediante diplomados, cursos y talleres como opci\u00f3n de titulaci\u00f3n o actualizaci\u00f3n profesional.<\/li>\r\n                            <li><b>Ubicaci\u00f3n:<\/b> Edificio Esteban Martinez de la Serna, 2do piso.<\/li>\r\n                            <li><b>Responsable:<\/b> Mtro. Ariel Ar\u00e9valo Mart\u00ednez<\/li>\r\n                            <li><b>Tel\u00e9fono:<\/b> (55) 5487 1300 ext. 4447<\/li>\r\n                            <li><b>Correo:<\/b> <a href=\"mailto:ariel.arevalo@universidad-uic.edu.mx\" class=\"alert-link\">ariel.arevalo@universidad-uic.edu.mx<\/a><\/li>\r\n                          <\/ul>\r\n                        <\/div>\r\n                        <div class=\"col-lg-6\">\r\n                          <img decoding=\"async\" class=\"img-thumbnail\"\r\n                            src=\"img\/EDUCACIO\u0301N-CONTINUA.jpg\"\r\n                            alt=\"Finanzas\">\r\n                        <\/div>\r\n                      <\/div>\r\n                    <\/div>\r\n                  <\/div>\r\n                <\/div>\r\n              <\/div>\r\n              <div class=\"row mt-3 justify-content-center\">\r\n                <div class=\"col-auto\">\r\n                  <a id=\"btnVolverEstebanEduCon\" class=\"btn text-primary\" href=\"#\"\r\n                    onclick=\"regresar('panelEEMS', 'panelEEMSEduCon')\"><i\r\n                      class=\"fas fa-arrow-left\"><\/i>&nbsp;Regresar<\/a>\r\n                <\/div>\r\n              <\/div>\r\n            <\/div>\r\n\r\n            <!-- Edificio de Rector\u00eda -->\r\n            <div id=\"panelERec\" style=\"display: none;\">\r\n              <div class=\"row mt-3\">\r\n                <div class=\"col-lg-12 text-center\">\r\n                  <div class=\"table-responsive\">\r\n                    <table class=\"table table-hover\">\r\n                      <thead class=\"thead-dark\">\r\n                        <tr>\r\n                          <th>Edificio de Rector\u00eda<\/th>\r\n                        <\/tr>\r\n                      <\/thead>\r\n                      <tbody>\r\n                        <tr>\r\n                          <td><a class=\"btn btn-outline-purple text-dark\"\r\n                              onclick=\"mostrar('panelERec', 'panelERecBibli')\">Biblioteca<\/a><\/td>\r\n                        <\/tr>\r\n                        <tr>\r\n                          <td><a class=\"btn btn-outline-purple text-dark\"\r\n                              onclick=\"mostrar('panelERec', 'panelERecComSoc')\">Comunicaci\u00f3n Social<\/a><\/td>\r\n                        <\/tr>\r\n                        <tr>\r\n                          <td><a class=\"btn btn-outline-purple text-dark\"\r\n                              onclick=\"mostrar('panelERec', 'panelERecInterna')\">Oficina de Internacionalizaci\u00f3n<\/a>\r\n                          <\/td>\r\n                        <\/tr>\r\n                      <\/tbody>\r\n                    <\/table>\r\n                  <\/div>\r\n                <\/div>\r\n              <\/div>\r\n              <div class=\"row mt-3 justify-content-center\">\r\n                <div class=\"col-auto\">\r\n                  <a id=\"btnVolverRec\" class=\"btn text-primary\" href=\"#\"\r\n                    onclick=\"regresar('panelPrincipal', 'panelERec')\"><i class=\"fas fa-2x fa-home\"><\/i>&nbsp;INICIO<\/a>\r\n                <\/div>\r\n              <\/div>\r\n              <div class=\"row mt-3\">\r\n                <div class=\"col-lg-12\">\r\n                  <img decoding=\"async\" class=\"card-img-top\" src=\"img\/Edif-RECTORI\u0301A.jpg\" alt=\"Edificio de Rector\u00eda\">\r\n                <\/div>\r\n              <\/div>\r\n            <\/div>\r\n            <!-- Edificio de Rector\u00eda - Instancias -->\r\n            <!-- Biblioteca -->\r\n            <div id=\"panelERecBibli\" style=\"display: none;\">\r\n              <div class=\"row mt-3 justify-content-center\">\r\n                <div class=\"col-lg-12\">\r\n                  <div class=\"card\">\r\n                    <div class=\"card-header bg-dark text-white text-center\">\r\n                      <h6 class=\"card-title font-weight-bold\">Edificio de Rector\u00eda<\/h6>\r\n                    <\/div>\r\n                    <div class=\"card-body\">\r\n                      <div class=\"row mt-1\">\r\n                        <div class=\"col-lg-6\">\r\n                          <h5 class=\"card-title text-center\">Biblioteca<\/h5>\r\n                          <ul>\r\n                            <li><b>Actividades:<\/b> Facilita acceso a libros, ebooks, bases de datos y colecciones acad\u00e9micas para apoyar el estudio universitario.<\/li>\r\n                            <li><b>Ubicaci\u00f3n:<\/b> Edificio de Rector\u00eda, planta baja.<\/li>\r\n                            <li><b>Responsable:<\/b> Mtro. Carlos Ram\u00edrez Cacho<\/li>\r\n                            <li><b>Tel\u00e9fono:<\/b> (55) 5487 1300 ext. 1883<\/li>\r\n                            <li><b>Correo:<\/b> <a href=\"mailto:carlos.ramirezcacho@universidad-uic.edu.mx\" class=\"alert-link\">carlos.ramirezcacho@universidad-uic.edu.mx<\/a><\/li>\r\n                          <\/ul>\r\n                        <\/div>\r\n                        <div class=\"col-lg-6\">\r\n                          <img decoding=\"async\" class=\"img-thumbnail\"\r\n                            src=\"img\/BIBLIOTECA.jpg\"\r\n                            alt=\"Biblioteca\">\r\n                        <\/div>\r\n                      <\/div>\r\n                    <\/div>\r\n                  <\/div>\r\n                <\/div>\r\n              <\/div>\r\n              <div class=\"row mt-3 justify-content-center\">\r\n                <div class=\"col-auto\">\r\n                  <a id=\"btnVolverRecBibli\" class=\"btn text-primary\" href=\"#\"\r\n                    onclick=\"regresar('panelERec', 'panelERecBibli')\"><i\r\n                      class=\"fas fa-arrow-left\"><\/i>&nbsp;Regresar<\/a>\r\n                <\/div>\r\n              <\/div>\r\n            <\/div>\r\n            <!-- Comunicaci\u00f3n Social -->\r\n            <div id=\"panelERecComSoc\" style=\"display: none;\">\r\n              <div class=\"row mt-3 justify-content-center\">\r\n                <div class=\"col-lg-12\">\r\n                  <div class=\"card\">\r\n                    <div class=\"card-header bg-dark text-white text-center\">\r\n                      <h6 class=\"card-title font-weight-bold\">Edificio de Rector\u00eda<\/h6>\r\n                    <\/div>\r\n                    <div class=\"card-body\">\r\n                      <div class=\"row mt-1\">\r\n                        <div class=\"col-lg-6\">\r\n                          <h5 class=\"card-title text-center\">Comunicaci\u00f3n Social<\/h5>\r\n                          <ul>\r\n                            <li><b>Actividades:<\/b> Creaci\u00f3n de materiales para la informaci\u00f3n de publicidad institucional.<\/li>\r\n                            <li><b>Ubicaci\u00f3n:<\/b> Edificio de Rector\u00eda, primer piso.<\/li>\r\n                            <li><b>Responsable:<\/b> Mtro. Carlos Antonio Hern\u00e1ndez Zamudio<\/li>\r\n                            <li><b>Tel\u00e9fono:<\/b> (55) 5487 1300 ext. 1427<\/li>\r\n                            <li><b>Correo:<\/b> <a href=\"mailto:carlos.hernandez@uic.edu.mx\" class=\"alert-link\">carlos.hernandez@uic.edu.mx<\/a><\/li>\r\n                          <\/ul>\r\n                        <\/div>\r\n                        <div class=\"col-lg-6\">\r\n                          <img decoding=\"async\" class=\"img-thumbnail\"\r\n                            src=\"img\/COMUNICACION-SOCIAL.jpg\"\r\n                            alt=\"Internacionalizaci\u00f3n\">\r\n                        <\/div>\r\n                      <\/div>\r\n                    <\/div>\r\n                  <\/div>\r\n                <\/div>\r\n              <\/div>\r\n              <div class=\"row mt-3 justify-content-center\">\r\n                <div class=\"col-auto\">\r\n                  <a id=\"btnVolverRecInterna\" class=\"btn text-primary\" href=\"#\"\r\n                    onclick=\"regresar('panelERec', 'panelERecComSoc')\"><i\r\n                      class=\"fas fa-arrow-left\"><\/i>&nbsp;Regresar<\/a>\r\n                <\/div>\r\n              <\/div>\r\n            <\/div>\r\n            <!-- Internacionalizaci\u00f3n -->\r\n            <div id=\"panelERecInterna\" style=\"display: none;\">\r\n              <div class=\"row mt-3 justify-content-center\">\r\n                <div class=\"col-lg-12\">\r\n                  <div class=\"card\">\r\n                    <div class=\"card-header bg-dark text-white text-center\">\r\n                      <h6 class=\"card-title font-weight-bold\">Edificio de Rector\u00eda<\/h6>\r\n                    <\/div>\r\n                    <div class=\"card-body\">\r\n                      <div class=\"row mt-1\">\r\n                        <div class=\"col-lg-6\">\r\n                          <h5 class=\"card-title text-center\">Oficina de Internacionalizaci\u00f3n<\/h5>\r\n                          <ul>\r\n                            <li><b>Actividades:<\/b> Ofrece intercambios, movilidad, cursos y visitas acad\u00e9micas nacionales e internacionales para estudiantes de licenciatura presencial.<\/li>\r\n                            <li><b>Ubicaci\u00f3n:<\/b> Edificio de Rector\u00eda, primer piso.<\/li>\r\n                            <li><b>Responsable:<\/b> Mtra. Mar\u00eda Cristina Olvera Espinosa<\/li>\r\n                            <li><b>Tel\u00e9fono:<\/b> (55) 5487 1300 ext. 1456<\/li>\r\n                            <li><b>Correo:<\/b> <a href=\"mailto:international@uic.edu.mx\" class=\"alert-link\">international@uic.edu.mx<\/a><\/li>\r\n                          <\/ul>\r\n                        <\/div>\r\n                        <div class=\"col-lg-6\">\r\n                          <img decoding=\"async\" class=\"img-thumbnail\"\r\n                            src=\"img\/GERENCIA-DE-INTERNACIONALIZACIO\u0301N.jpg\"\r\n                            alt=\"Internacionalizaci\u00f3n\">\r\n                        <\/div>\r\n                      <\/div>\r\n                    <\/div>\r\n                  <\/div>\r\n                <\/div>\r\n              <\/div>\r\n              <div class=\"row mt-3 justify-content-center\">\r\n                <div class=\"col-auto\">\r\n                  <a id=\"btnVolverRecInterna\" class=\"btn text-primary\" href=\"#\"\r\n                    onclick=\"regresar('panelERec', 'panelERecInterna')\"><i\r\n                      class=\"fas fa-arrow-left\"><\/i>&nbsp;Regresar<\/a>\r\n                <\/div>\r\n              <\/div>\r\n            <\/div>\r\n\r\n            <!-- Edificio Ocean\u00eda -->\r\n            <div id=\"panelEOce\" style=\"display: none;\">\r\n              <div class=\"row mt-3\">\r\n                <div class=\"col-lg-12 text-center\">\r\n                  <div class=\"table-responsive\">\r\n                    <table class=\"table table-hover\">\r\n                      <thead class=\"thead-dark\">\r\n                        <tr>\r\n                          <th>Edificios Ocean\u00eda I y II<\/th>\r\n                        <\/tr>\r\n                      <\/thead>\r\n                      <tbody>\r\n                        <tr>\r\n                          <td><a class=\"btn btn-outline-yellow text-dark\"\r\n                              onclick=\"mostrar('panelEOce', 'panelEOceSalInt')\">Centro Universitario de Atenci\u00f3n a la Infancia (CUAI)<\/a><\/td>\r\n                        <\/tr>\r\n                        <tr>\r\n                          <td><a class=\"btn btn-outline-yellow text-dark\"\r\n                              onclick=\"mostrar('panelEOce', 'panelEOceOdon')\">Cl\u00ednica de Odontolog\u00eda y\r\n                              especialidades odontol\u00f3gicas<\/a><\/td>\r\n                        <\/tr>\r\n                        <tr>\r\n                          <td><a class=\"btn btn-outline-yellow text-dark\"\r\n                              onclick=\"mostrar('panelEOce', 'panelEOceNutri')\">Cl\u00ednica Universitaria de\r\n                              Nutrici\u00f3n<\/a><\/td>\r\n                        <\/tr>\r\n                        <tr>\r\n                          <td><a class=\"btn btn-outline-yellow text-dark\"\r\n                              onclick=\"mostrar('panelEOce', 'panelEOceCUPPIE')\">Cl\u00ednica Universitaria de\r\n                              Psicoterapia Psicoanal\u00edtica e Intervenci\u00f3n Educativa (CUPPIE)<\/a><\/td>\r\n                        <\/tr>\r\n                      <\/tbody>\r\n                    <\/table>\r\n                  <\/div>\r\n                <\/div>\r\n              <\/div>\r\n              <div class=\"row mt-3 justify-content-center\">\r\n                <div class=\"col-auto\">\r\n                  <a id=\"btnVolverOce\" class=\"btn text-primary\" href=\"#\"\r\n                    onclick=\"regresar('panelPrincipal', 'panelEOce')\"><i class=\"fas fa-2x fa-home\"><\/i>&nbsp;INICIO<\/a>\r\n                <\/div>\r\n              <\/div>\r\n              <div class=\"row mt-3\">\r\n                <div class=\"col-lg-12\">\r\n                  <img decoding=\"async\" class=\"card-img-top\" src=\"img\/EDIFICIO-OCEANI\u0301A-I.jpeg\" alt=\"Edificio Oceania I y II\">\r\n                <\/div>\r\n              <\/div>\r\n            <\/div>\r\n            <!-- Edificio Ocean\u00eda - Instancias -->\r\n            <!-- Salud Integral -->\r\n            <div id=\"panelEOceSalInt\" style=\"display: none;\">\r\n              <div class=\"row mt-3 justify-content-center\">\r\n                <div class=\"col-lg-12\">\r\n                  <div class=\"card\">\r\n                    <div class=\"card-header bg-dark text-white text-center\">\r\n                      <h6 class=\"card-title font-weight-bold\">Edificios Ocean\u00eda I y II<\/h6>\r\n                    <\/div>\r\n                    <div class=\"card-body\">\r\n                      <div class=\"row mt-1\">\r\n                        <div class=\"col-lg-6\">\r\n                          <h5 class=\"card-title text-center\">Centro Universitario de Atenci\u00f3n a la Infancia (CUAI)<\/h5>\r\n                          <ul>\r\n                            <li><b>Actividades: <\/b>Ofrece atenci\u00f3n, diagn\u00f3stico y formaci\u00f3n sobre Trastornos del Desarrollo y Condici\u00f3n del Espectro Autista, as\u00ed como apoyo emocional a menores de edad.<\/li>\r\n                            <li><b>Ubicaci\u00f3n:<\/b> Centro de autismo, junto a las canchas de tenis.<\/li>\r\n                            <li><b>Responsable:<\/b> Mtro. Fernando Fern\u00e1ndez Castro<\/li>\r\n                            <li><b>Tel\u00e9fono:<\/b> (55) 5487 1300 ext. 1411\/1895<\/li>\r\n                            <li><b>Correo:<\/b> <a href=\"mailto:fernando.fernandez@universidad-uic.edu.mx\" class=\"alert-link\">fernando.fernandez@universidad-uic.edu.mx<\/a><\/li>\r\n                          <\/ul>\r\n                        <\/div>\r\n                        <div class=\"col-lg-6\">\r\n                          <img decoding=\"async\" class=\"img-thumbnail\"\r\n                            src=\"img\/CLI\u0301NICA-DE-ATENCIO\u0301N-A-LA-SALUD-INTEGRAL.jpg\"\r\n                            alt=\"Salud Integral\">\r\n                        <\/div>\r\n                      <\/div>\r\n                    <\/div>\r\n                  <\/div>\r\n                <\/div>\r\n              <\/div>\r\n              <div class=\"row mt-3 justify-content-center\">\r\n                <div class=\"col-auto\">\r\n                  <a id=\"btnVolverOceSalInt\" class=\"btn text-primary\" href=\"#\"\r\n                    onclick=\"regresar('panelEOce', 'panelEOceSalInt')\"><i\r\n                      class=\"fas fa-arrow-left\"><\/i>&nbsp;Regresar<\/a>\r\n                <\/div>\r\n              <\/div>\r\n            <\/div>\r\n            <!-- Odontolog\u00eda -->\r\n            <div id=\"panelEOceOdon\" style=\"display: none;\">\r\n              <div class=\"row mt-3 justify-content-center\">\r\n                <div class=\"col-lg-12\">\r\n                  <div class=\"card\">\r\n                    <div class=\"card-header bg-dark text-white text-center\">\r\n                      <h6 class=\"card-title font-weight-bold\">Edificios Ocean\u00eda I y II<\/h6>\r\n                    <\/div>\r\n                    <div class=\"card-body\">\r\n                      <div class=\"row mt-1\">\r\n                        <div class=\"col-lg-6\">\r\n                          <h5 class=\"card-title text-center\">Cl\u00ednicas de Odontolog\u00eda y especialidades odontol\u00f3gicas<\/h5>\r\n                          <ul>\r\n                            <li><b>Actividades:<\/b> Brindan servicios especializados para el cuidado y tratamiento integral de la salud bucal de los pacientes.<\/li>\r\n                            <li><b>Ubicaci\u00f3n:<\/b> Edificios Ocean\u00eda I y II, planta baja.<\/li>\r\n                            <li><b>Responsable:<\/b> Dr. David White Guerrero<\/li>\r\n                            <li><b>Tel\u00e9fono:<\/b> (55) 5487 1300 ext. 2801\/2807<\/li>\r\n                            <li><b>Correo:<\/b> <a href=\"mailto:clinicasodontologia@universidad-uic.edu.mx\" class=\"alert-link\">clinicasodontologia@universidad-uic.edu.mx<\/a><\/li>\r\n                          <\/ul>\r\n                        <\/div>\r\n                        <div class=\"col-lg-6\">\r\n                          <img decoding=\"async\" class=\"img-thumbnail\"\r\n                            src=\"img\/CLI\u0301NICA-DE-ORTODONCIA.jpg\"\r\n                            alt=\"Odontolog\u00eda\">\r\n                        <\/div>\r\n                      <\/div>\r\n                    <\/div>\r\n                  <\/div>\r\n                <\/div>\r\n              <\/div>\r\n              <div class=\"row mt-3 justify-content-center\">\r\n                <div class=\"col-auto\">\r\n                  <a id=\"btnVolverOceOdon\" class=\"btn text-primary\" href=\"#\"\r\n                    onclick=\"regresar('panelEOce', 'panelEOceOdon')\"><i\r\n                      class=\"fas fa-arrow-left\"><\/i>&nbsp;Regresar<\/a>\r\n                <\/div>\r\n              <\/div>\r\n            <\/div>\r\n            <!-- Nutrici\u00f3n -->\r\n            <div id=\"panelEOceNutri\" style=\"display: none;\">\r\n              <div class=\"row mt-3 justify-content-center\">\r\n                <div class=\"col-lg-12\">\r\n                  <div class=\"card\">\r\n                    <div class=\"card-header bg-dark text-white text-center\">\r\n                      <h6 class=\"card-title font-weight-bold\">Edificios Ocean\u00eda I y II<\/h6>\r\n                    <\/div>\r\n                    <div class=\"card-body\">\r\n                      <div class=\"row mt-1\">\r\n                        <div class=\"col-lg-6\">\r\n                          <h5 class=\"card-title text-center\">Cl\u00ednica Universitaria de Nutrici\u00f3n<\/h5>\r\n                          <ul>\r\n                            <li><b>Actividades:<\/b> Brinda evaluaci\u00f3n nutricional, planes personalizados, tratamiento diet\u00e9tico y orientaci\u00f3n alimentaria para promover la salud integral.<\/li>\r\n                            <li><b>Ubicaci\u00f3n:<\/b> Edificio Ocean\u00eda II, 2do piso.<\/li>\r\n                            <li><b>Responsable:<\/b> Mtra. Luz Alejandra Lagunas Garc\u00eda<\/li>\r\n                            <li><b>Tel\u00e9fono:<\/b> (55) 5487 1300 ext. 2820. Citas: 220262 4062<\/li>\r\n                            <li><b>Correo:<\/b> <a href=\"mailto:clinica.nutricion@universidad-uic.edu.mx\" class=\"alert-link\">clinica.nutricion@universidad-uic.edu.mx<\/a><\/li>\r\n                          <\/ul>\r\n                        <\/div>\r\n                        <div class=\"col-lg-6\">\r\n                          <img decoding=\"async\" class=\"img-thumbnail\"\r\n                            src=\"img\/CLI\u0301NICA-DE-NUTRICIO\u0301N.jpg\"\r\n                            alt=\"Nutrici\u00f3n\">\r\n                        <\/div>\r\n                      <\/div>\r\n                    <\/div>\r\n                  <\/div>\r\n                <\/div>\r\n              <\/div>\r\n              <div class=\"row mt-3 justify-content-center\">\r\n                <div class=\"col-auto\">\r\n                  <a id=\"btnVolverOceNutri\" class=\"btn text-primary\" href=\"#\"\r\n                    onclick=\"regresar('panelEOce', 'panelEOceNutri')\"><i\r\n                      class=\"fas fa-arrow-left\"><\/i>&nbsp;Regresar<\/a>\r\n                <\/div>\r\n              <\/div>\r\n            <\/div>\r\n            <!-- CUPPIE -->\r\n            <div id=\"panelEOceCUPPIE\" style=\"display: none;\">\r\n              <div class=\"row mt-3 justify-content-center\">\r\n                <div class=\"col-lg-12\">\r\n                  <div class=\"card\">\r\n                    <div class=\"card-header bg-dark text-white text-center\">\r\n                      <h6 class=\"card-title font-weight-bold\">Edificios Ocean\u00eda I y II<\/h6>\r\n                    <\/div>\r\n                    <div class=\"card-body\">\r\n                      <div class=\"row mt-1\">\r\n                        <div class=\"col-lg-6\">\r\n                          <h5 class=\"card-title text-center\">Cl\u00ednica Universitaria de Psicoterapia Psicoanal\u00edtica e Intervenci\u00f3n Educativa (CUPPIE)<\/h5>\r\n                          <ul>\r\n                            <li><b>Actividades:<\/b> Ofrece atenci\u00f3n psicopedag\u00f3gica a menores con dificultades de aprendizaje y psicoterapia psicoanal\u00edtica a adultos.<\/li>\r\n                            <li><b>Ubicaci\u00f3n:<\/b> Atr\u00e1s de edificio Ocean\u00eda I, \u201cLa Casita\u201d.<\/li>\r\n                            <li><b>Responsable:<\/b> Mtra. Maricela Torrej\u00f3n Becerril<\/li>\r\n                            <li><b>Tel\u00e9fono:<\/b> (55) 5487 1300 ext. 4420\/4421\/4422\/1435<\/li>\r\n                            <li><b>Correo:<\/b> <a href=\"mailto:cuppie@universidad-uic.edu.mx\" class=\"alert-link\">cuppie@universidad-uic.edu.mx<\/a><\/li>\r\n                          <\/ul>\r\n                        <\/div>\r\n                        <div class=\"col-lg-6\">\r\n                          <img decoding=\"async\" class=\"img-thumbnail\"\r\n                            src=\"img\/CLI\u0301NICA-UNIVERSITARIA-DE-PSICOTERAPIA-PSICOANA\u0301LITICA.jpg\"\r\n                            alt=\"CUPPIE\">\r\n                        <\/div>\r\n                      <\/div>\r\n                    <\/div>\r\n                  <\/div>\r\n                <\/div>\r\n              <\/div>\r\n              <div class=\"row mt-3 justify-content-center\">\r\n                <div class=\"col-auto\">\r\n                  <a id=\"btnVolverOceCUPPIE\" class=\"btn text-primary\" href=\"#\"\r\n                    onclick=\"regresar('panelEOce', 'panelEOceCUPPIE')\"><i\r\n                      class=\"fas fa-arrow-left\"><\/i>&nbsp;Regresar<\/a>\r\n                <\/div>\r\n              <\/div>\r\n            <\/div>\r\n\r\n          <\/div>\r\n          <div class=\"card-footer bg-dark text-white\">\r\n            <div class=\"row\">\r\n              <div class=\"col-lg-12 text-center\">\r\n                <small>Universidad Intercontinental &reg; 2025<\/small>\r\n              <\/div>\r\n            <\/div>\r\n          <\/div>\r\n        <\/div>\r\n      <\/div>\r\n    <\/div>\r\n  <\/div>\r\n<\/body>\r\n\r\n<\/html>\t\t\t\t<\/div>\n\t\t\t\t<\/div>\n\t\t\t\t<\/div>\n\t\t\t\t\t<\/div>\n\t\t\t\t<\/div>\n\t\t<div class=\"elementor-element elementor-element-7b2f1f2 e-con-full e-flex e-con e-parent\" data-id=\"7b2f1f2\" data-element_type=\"container\" data-e-type=\"container\" data-settings=\"{&quot;background_background&quot;:&quot;classic&quot;}\">\n\t\t\t\t<\/div>\n\t\t<div class=\"elementor-element elementor-element-09f1030 elementor-hidden-desktop elementor-hidden-tablet elementor-hidden-mobile e-flex e-con-boxed e-con e-parent\" data-id=\"09f1030\" data-element_type=\"container\" data-e-type=\"container\">\n\t\t\t\t\t<div class=\"e-con-inner\">\n\t\t<div class=\"elementor-element elementor-element-6c3aba5 e-con-full e-flex e-con e-child\" data-id=\"6c3aba5\" data-element_type=\"container\" data-e-type=\"container\">\n\t\t\t\t<div class=\"elementor-element elementor-element-f9c67f3 elementor-widget elementor-widget-html\" data-id=\"f9c67f3\" data-element_type=\"widget\" data-e-type=\"widget\" data-widget_type=\"html.default\">\n\t\t\t\t<div class=\"elementor-widget-container\">\n\t\t\t\t\t<iframe width=\"100%\" height=\"640\" frameborder=\"0\" allow=\"xr-spatial-tracking; gyroscope; accelerometer\" allowfullscreen scrolling=\"no\" src=\"https:\/\/kuula.co\/share\/collection\/712wF?logo=1&info=1&fs=1&vr=0&sd=1&thumbs=1&inst=es\"><\/iframe>\t\t\t\t<\/div>\n\t\t\t\t<\/div>\n\t\t\t\t<\/div>\n\t\t\t\t\t<\/div>\n\t\t\t\t<\/div>\n\t\t<div class=\"elementor-element elementor-element-9c67f59 e-con-full e-flex e-con e-parent\" data-id=\"9c67f59\" data-element_type=\"container\" data-e-type=\"container\" data-settings=\"{&quot;background_background&quot;:&quot;classic&quot;}\">\n\t\t\t\t<\/div>\n\t\t<div class=\"elementor-element elementor-element-da85346 elementor-hidden-desktop elementor-hidden-tablet elementor-hidden-mobile e-flex e-con-boxed e-con e-parent\" data-id=\"da85346\" data-element_type=\"container\" data-e-type=\"container\">\n\t\t\t\t\t<div class=\"e-con-inner\">\n\t\t<div class=\"elementor-element elementor-element-e56fba6 e-con-full e-flex e-con e-child\" data-id=\"e56fba6\" data-element_type=\"container\" data-e-type=\"container\">\n\t\t\t\t<div class=\"elementor-element elementor-element-bb89c2c elementor-widget elementor-widget-html\" data-id=\"bb89c2c\" data-element_type=\"widget\" data-e-type=\"widget\" data-widget_type=\"html.default\">\n\t\t\t\t<div class=\"elementor-widget-container\">\n\t\t\t\t\t<iframe width=\"560\" height=\"315\" src=\"https:\/\/virtualitour.es\/tours\/l9IcAwQ2HmAPYm1rYoqM?autoLoad=false\" frameborder=\"0\" allowfullscreen><\/iframe>\t\t\t\t<\/div>\n\t\t\t\t<\/div>\n\t\t\t\t<\/div>\n\t\t\t\t\t<\/div>\n\t\t\t\t<\/div>\n\t\t<div class=\"elementor-element elementor-element-06a2807 elementor-hidden-desktop elementor-hidden-tablet e-flex e-con-boxed e-con e-parent\" data-id=\"06a2807\" data-element_type=\"container\" data-e-type=\"container\">\n\t\t\t\t\t<div class=\"e-con-inner\">\n\t\t<div class=\"elementor-element elementor-element-76bc778 e-con-full e-flex e-con e-child\" data-id=\"76bc778\" data-element_type=\"container\" data-e-type=\"container\">\n\t\t\t\t<div class=\"elementor-element elementor-element-64f213a elementor-widget elementor-widget-ucaddon_360_view\" data-id=\"64f213a\" data-element_type=\"widget\" data-e-type=\"widget\" data-widget_type=\"ucaddon_360_view.default\">\n\t\t\t\t<div class=\"elementor-widget-container\">\n\t\t\t\t\t\n<!-- start 360 Panorama Virtual Tour -->\n\t\t<link id='font-awesome-css' href='https:\/\/www.uic.mx\/investigacion\/wp-content\/plugins\/unlimited-elements-for-elementor-premium\/assets_libraries\/font-awesome6\/fontawesome-all.min.css' type='text\/css' rel='stylesheet' >\n\t\t<link id='font-awesome-4-shim-css' href='https:\/\/www.uic.mx\/investigacion\/wp-content\/plugins\/unlimited-elements-for-elementor-premium\/assets_libraries\/font-awesome6\/fontawesome-v4-shims.min.css' type='text\/css' rel='stylesheet' >\n\t\t<link id='uc_ac_assets_file_pannellum_css_9729-css' href='https:\/\/www.uic.mx\/investigacion\/wp-content\/uploads\/ac_assets\/360_view\/pannellum.css' type='text\/css' rel='stylesheet' >\n\n<style>\/* widget: 360 Panorama Virtual Tour *\/\n\n#uc_360_view_elementor_64f213a {\n      margin: auto;\n      width:100%;\n      height: 800px;\n    }\n#uc_360_view_elementor_64f213a .pnlm-controls-container{\n   Left:4px;\n   top:4px;\n}\n@media screen and (min-device-width: 768px) and (max-device-width: 1024px){\n  #uc_360_view_elementor_64f213a {\n        height: 400px;\n    }}\n\n@media only screen and (max-width: 600px) {\n  #uc_360_view_elementor_64f213a {\n        height: 300px;\n  }}\n\n<\/style>\n\n<div id=\"uc_360_view_elementor_64f213a\" class=\"360_view\"><\/div>\n<!-- end 360 Panorama Virtual Tour -->\t\t\t\t<\/div>\n\t\t\t\t<\/div>\n\t\t\t\t<\/div>\n\t\t\t\t\t<\/div>\n\t\t\t\t<\/div>\n\t\t\t\t<\/div>\n\t\t","protected":false},"excerpt":{"rendered":"<p>HeyGen Streaming API LiveKit (V2) Start Close Talk (LLM) Repeat Mapa Interactivo UIC Mapa Interactivo UIC Edificios Am\u00e9rica Esteban Mart\u00ednez de la Serna Rector\u00eda Ocean\u00eda I y II Edificio Am\u00e9rica Consultorio M\u00e9dico Coordinaci\u00f3n de Actividades Deportivas Coordinaci\u00f3n de Atenci\u00f3n e Investigaci\u00f3n en Medicina Conductual Coordinaci\u00f3n de C\u00f3mputo Acad\u00e9mico Coordinaci\u00f3n de Desarrollo Acad\u00e9mico Estudiantil Coordinaci\u00f3n de [&hellip;]<\/p>\n","protected":false},"author":1,"featured_media":0,"parent":0,"menu_order":0,"comment_status":"closed","ping_status":"closed","template":"elementor_canvas","meta":{"footnotes":""},"class_list":["post-3669","page","type-page","status-publish","hentry"],"yoast_head":"<!-- This site is optimized with the Yoast SEO plugin v28.4 - https:\/\/yoast.com\/product\/yoast-seo-wordpress\/ -->\n<title>Pruebas - Investigaci\u00f3n<\/title>\n<meta name=\"robots\" content=\"index, follow, max-snippet:-1, max-image-preview:large, max-video-preview:-1\" \/>\n<link rel=\"canonical\" href=\"https:\/\/www.uic.mx\/investigacion\/pruebas\/\" \/>\n<meta property=\"og:locale\" content=\"es_ES\" \/>\n<meta property=\"og:type\" content=\"article\" \/>\n<meta property=\"og:title\" content=\"Pruebas - Investigaci\u00f3n\" \/>\n<meta property=\"og:description\" content=\"HeyGen Streaming API LiveKit (V2) Start Close Talk (LLM) Repeat Mapa Interactivo UIC Mapa Interactivo UIC Edificios Am\u00e9rica Esteban Mart\u00ednez de la Serna Rector\u00eda Ocean\u00eda I y II Edificio Am\u00e9rica Consultorio M\u00e9dico Coordinaci\u00f3n de Actividades Deportivas Coordinaci\u00f3n de Atenci\u00f3n e Investigaci\u00f3n en Medicina Conductual Coordinaci\u00f3n de C\u00f3mputo Acad\u00e9mico Coordinaci\u00f3n de Desarrollo Acad\u00e9mico Estudiantil Coordinaci\u00f3n de [&hellip;]\" \/>\n<meta property=\"og:url\" content=\"https:\/\/www.uic.mx\/investigacion\/pruebas\/\" \/>\n<meta property=\"og:site_name\" content=\"Investigaci\u00f3n\" \/>\n<meta property=\"article:modified_time\" content=\"2025-11-06T22:37:48+00:00\" \/>\n<meta name=\"twitter:card\" content=\"summary_large_image\" \/>\n<meta name=\"twitter:label1\" content=\"Tiempo de lectura\" \/>\n\t<meta name=\"twitter:data1\" content=\"8 minutos\" \/>\n<script type=\"application\/ld+json\" class=\"yoast-schema-graph\">{\"@context\":\"https:\\\/\\\/schema.org\",\"@graph\":[{\"@type\":\"WebPage\",\"@id\":\"https:\\\/\\\/www.uic.mx\\\/investigacion\\\/pruebas\\\/\",\"url\":\"https:\\\/\\\/www.uic.mx\\\/investigacion\\\/pruebas\\\/\",\"name\":\"Pruebas - Investigaci\u00f3n\",\"isPartOf\":{\"@id\":\"https:\\\/\\\/www.uic.mx\\\/investigacion\\\/#website\"},\"datePublished\":\"2025-06-26T16:49:36+00:00\",\"dateModified\":\"2025-11-06T22:37:48+00:00\",\"breadcrumb\":{\"@id\":\"https:\\\/\\\/www.uic.mx\\\/investigacion\\\/pruebas\\\/#breadcrumb\"},\"inLanguage\":\"es\",\"potentialAction\":[{\"@type\":\"ReadAction\",\"target\":[\"https:\\\/\\\/www.uic.mx\\\/investigacion\\\/pruebas\\\/\"]}]},{\"@type\":\"BreadcrumbList\",\"@id\":\"https:\\\/\\\/www.uic.mx\\\/investigacion\\\/pruebas\\\/#breadcrumb\",\"itemListElement\":[{\"@type\":\"ListItem\",\"position\":1,\"name\":\"Portada\",\"item\":\"https:\\\/\\\/www.uic.mx\\\/investigacion\\\/\"},{\"@type\":\"ListItem\",\"position\":2,\"name\":\"Pruebas\"}]},{\"@type\":\"WebSite\",\"@id\":\"https:\\\/\\\/www.uic.mx\\\/investigacion\\\/#website\",\"url\":\"https:\\\/\\\/www.uic.mx\\\/investigacion\\\/\",\"name\":\"Investigaci\u00f3n\",\"description\":\"\",\"publisher\":{\"@id\":\"https:\\\/\\\/www.uic.mx\\\/investigacion\\\/#organization\"},\"potentialAction\":[{\"@type\":\"SearchAction\",\"target\":{\"@type\":\"EntryPoint\",\"urlTemplate\":\"https:\\\/\\\/www.uic.mx\\\/investigacion\\\/?s={search_term_string}\"},\"query-input\":{\"@type\":\"PropertyValueSpecification\",\"valueRequired\":true,\"valueName\":\"search_term_string\"}}],\"inLanguage\":\"es\"},{\"@type\":\"Organization\",\"@id\":\"https:\\\/\\\/www.uic.mx\\\/investigacion\\\/#organization\",\"name\":\"Investigaci\u00f3n\",\"url\":\"https:\\\/\\\/www.uic.mx\\\/investigacion\\\/\",\"logo\":{\"@type\":\"ImageObject\",\"inLanguage\":\"es\",\"@id\":\"https:\\\/\\\/www.uic.mx\\\/investigacion\\\/#\\\/schema\\\/logo\\\/image\\\/\",\"url\":\"https:\\\/\\\/www.uic.mx\\\/investigacion\\\/wp-content\\\/uploads\\\/2025\\\/03\\\/Logo-50-Universidad-Intercontinental-horizontal-blanco-scaled.png\",\"contentUrl\":\"https:\\\/\\\/www.uic.mx\\\/investigacion\\\/wp-content\\\/uploads\\\/2025\\\/03\\\/Logo-50-Universidad-Intercontinental-horizontal-blanco-scaled.png\",\"width\":2560,\"height\":643,\"caption\":\"Investigaci\u00f3n\"},\"image\":{\"@id\":\"https:\\\/\\\/www.uic.mx\\\/investigacion\\\/#\\\/schema\\\/logo\\\/image\\\/\"}}]}<\/script>\n<!-- \/ Yoast SEO plugin. -->","yoast_head_json":{"title":"Pruebas - Investigaci\u00f3n","robots":{"index":"index","follow":"follow","max-snippet":"max-snippet:-1","max-image-preview":"max-image-preview:large","max-video-preview":"max-video-preview:-1"},"canonical":"https:\/\/www.uic.mx\/investigacion\/pruebas\/","og_locale":"es_ES","og_type":"article","og_title":"Pruebas - Investigaci\u00f3n","og_description":"HeyGen Streaming API LiveKit (V2) Start Close Talk (LLM) Repeat Mapa Interactivo UIC Mapa Interactivo UIC Edificios Am\u00e9rica Esteban Mart\u00ednez de la Serna Rector\u00eda Ocean\u00eda I y II Edificio Am\u00e9rica Consultorio M\u00e9dico Coordinaci\u00f3n de Actividades Deportivas Coordinaci\u00f3n de Atenci\u00f3n e Investigaci\u00f3n en Medicina Conductual Coordinaci\u00f3n de C\u00f3mputo Acad\u00e9mico Coordinaci\u00f3n de Desarrollo Acad\u00e9mico Estudiantil Coordinaci\u00f3n de [&hellip;]","og_url":"https:\/\/www.uic.mx\/investigacion\/pruebas\/","og_site_name":"Investigaci\u00f3n","article_modified_time":"2025-11-06T22:37:48+00:00","twitter_card":"summary_large_image","twitter_misc":{"Tiempo de lectura":"8 minutos"},"schema":{"@context":"https:\/\/schema.org","@graph":[{"@type":"WebPage","@id":"https:\/\/www.uic.mx\/investigacion\/pruebas\/","url":"https:\/\/www.uic.mx\/investigacion\/pruebas\/","name":"Pruebas - Investigaci\u00f3n","isPartOf":{"@id":"https:\/\/www.uic.mx\/investigacion\/#website"},"datePublished":"2025-06-26T16:49:36+00:00","dateModified":"2025-11-06T22:37:48+00:00","breadcrumb":{"@id":"https:\/\/www.uic.mx\/investigacion\/pruebas\/#breadcrumb"},"inLanguage":"es","potentialAction":[{"@type":"ReadAction","target":["https:\/\/www.uic.mx\/investigacion\/pruebas\/"]}]},{"@type":"BreadcrumbList","@id":"https:\/\/www.uic.mx\/investigacion\/pruebas\/#breadcrumb","itemListElement":[{"@type":"ListItem","position":1,"name":"Portada","item":"https:\/\/www.uic.mx\/investigacion\/"},{"@type":"ListItem","position":2,"name":"Pruebas"}]},{"@type":"WebSite","@id":"https:\/\/www.uic.mx\/investigacion\/#website","url":"https:\/\/www.uic.mx\/investigacion\/","name":"Investigaci\u00f3n","description":"","publisher":{"@id":"https:\/\/www.uic.mx\/investigacion\/#organization"},"potentialAction":[{"@type":"SearchAction","target":{"@type":"EntryPoint","urlTemplate":"https:\/\/www.uic.mx\/investigacion\/?s={search_term_string}"},"query-input":{"@type":"PropertyValueSpecification","valueRequired":true,"valueName":"search_term_string"}}],"inLanguage":"es"},{"@type":"Organization","@id":"https:\/\/www.uic.mx\/investigacion\/#organization","name":"Investigaci\u00f3n","url":"https:\/\/www.uic.mx\/investigacion\/","logo":{"@type":"ImageObject","inLanguage":"es","@id":"https:\/\/www.uic.mx\/investigacion\/#\/schema\/logo\/image\/","url":"https:\/\/www.uic.mx\/investigacion\/wp-content\/uploads\/2025\/03\/Logo-50-Universidad-Intercontinental-horizontal-blanco-scaled.png","contentUrl":"https:\/\/www.uic.mx\/investigacion\/wp-content\/uploads\/2025\/03\/Logo-50-Universidad-Intercontinental-horizontal-blanco-scaled.png","width":2560,"height":643,"caption":"Investigaci\u00f3n"},"image":{"@id":"https:\/\/www.uic.mx\/investigacion\/#\/schema\/logo\/image\/"}}]}},"_links":{"self":[{"href":"https:\/\/www.uic.mx\/investigacion\/wp-json\/wp\/v2\/pages\/3669","targetHints":{"allow":["GET"]}}],"collection":[{"href":"https:\/\/www.uic.mx\/investigacion\/wp-json\/wp\/v2\/pages"}],"about":[{"href":"https:\/\/www.uic.mx\/investigacion\/wp-json\/wp\/v2\/types\/page"}],"author":[{"embeddable":true,"href":"https:\/\/www.uic.mx\/investigacion\/wp-json\/wp\/v2\/users\/1"}],"replies":[{"embeddable":true,"href":"https:\/\/www.uic.mx\/investigacion\/wp-json\/wp\/v2\/comments?post=3669"}],"version-history":[{"count":229,"href":"https:\/\/www.uic.mx\/investigacion\/wp-json\/wp\/v2\/pages\/3669\/revisions"}],"predecessor-version":[{"id":5376,"href":"https:\/\/www.uic.mx\/investigacion\/wp-json\/wp\/v2\/pages\/3669\/revisions\/5376"}],"wp:attachment":[{"href":"https:\/\/www.uic.mx\/investigacion\/wp-json\/wp\/v2\/media?parent=3669"}],"curies":[{"name":"wp","href":"https:\/\/api.w.org\/{rel}","templated":true}]}}